{"id":216,"date":"2019-05-13T13:22:35","date_gmt":"2019-05-13T17:22:35","guid":{"rendered":"https:\/\/centraide.absoludev.ca\/soqqc\/?page_id=216"},"modified":"2022-02-17T08:55:41","modified_gmt":"2022-02-17T13:55:41","slug":"nouvelles","status":"publish","type":"page","link":"https:\/\/centraide-rcoq.ca\/soq\/nouvelles\/","title":{"rendered":"Nouvelles"},"content":{"rendered":"\t\t<div data-elementor-type=\"wp-post\" data-elementor-id=\"216\" class=\"elementor elementor-216\" data-elementor-post-type=\"page\">\n\t\t\t\t\t\t<section class=\"elementor-section elementor-top-section elementor-element elementor-element-1a4de4f elementor-section-boxed elementor-section-height-default elementor-section-height-default\" data-id=\"1a4de4f\" data-element_type=\"section\" data-e-type=\"section\" data-settings=\"{&quot;background_background&quot;:&quot;classic&quot;}\">\n\t\t\t\t\t\t<div class=\"elementor-container elementor-column-gap-default\">\n\t\t\t\t\t<div class=\"elementor-column elementor-col-100 elementor-top-column elementor-element elementor-element-d588821\" data-id=\"d588821\" data-element_type=\"column\" data-e-type=\"column\">\n\t\t\t<div class=\"elementor-widget-wrap elementor-element-populated\">\n\t\t\t\t\t\t<div class=\"elementor-element elementor-element-093ade9 elementor-widget elementor-widget-heading\" data-id=\"093ade9\" data-element_type=\"widget\" data-e-type=\"widget\" data-widget_type=\"heading.default\">\n\t\t\t\t<div class=\"elementor-widget-container\">\n\t\t\t\t\t<h1 class=\"elementor-heading-title elementor-size-default\">Nouvelles<\/h1>\t\t\t\t<\/div>\n\t\t\t\t<\/div>\n\t\t\t\t<div class=\"elementor-element elementor-element-c238814 elementor-grid-3 elementor-grid-tablet-2 elementor-grid-mobile-1 elementor-posts--thumbnail-top elementor-card-shadow-yes elementor-posts__hover-gradient elementor-invisible elementor-widget elementor-widget-posts\" data-id=\"c238814\" data-element_type=\"widget\" data-e-type=\"widget\" data-settings=\"{&quot;pagination_type&quot;:&quot;numbers_and_prev_next&quot;,&quot;_animation&quot;:&quot;fadeIn&quot;,&quot;cards_columns&quot;:&quot;3&quot;,&quot;cards_columns_tablet&quot;:&quot;2&quot;,&quot;cards_columns_mobile&quot;:&quot;1&quot;,&quot;cards_row_gap&quot;:{&quot;unit&quot;:&quot;px&quot;,&quot;size&quot;:35,&quot;sizes&quot;:[]},&quot;cards_row_gap_tablet&quot;:{&quot;unit&quot;:&quot;px&quot;,&quot;size&quot;:&quot;&quot;,&quot;sizes&quot;:[]},&quot;cards_row_gap_mobile&quot;:{&quot;unit&quot;:&quot;px&quot;,&quot;size&quot;:&quot;&quot;,&quot;sizes&quot;:[]}}\" data-widget_type=\"posts.cards\">\n\t\t\t\t<div class=\"elementor-widget-container\">\n\t\t\t\t\t\t\t<div class=\"elementor-posts-container elementor-posts elementor-posts--skin-cards elementor-grid\" role=\"list\">\n\t\t\t\t<article class=\"elementor-post elementor-grid-item post-2767 post type-post status-publish format-standard has-post-thumbnail hentry category-nouvelles entry has-media\" role=\"listitem\">\n\t\t\t<div class=\"elementor-post__card\">\n\t\t\t\t<a class=\"elementor-post__thumbnail__link\" href=\"https:\/\/centraide-rcoq.ca\/soq\/trouver-sa-place-le-parcours-damelie\/\" tabindex=\"-1\" ><div class=\"elementor-post__thumbnail\"><img fetchpriority=\"high\" decoding=\"async\" width=\"768\" height=\"284\" src=\"https:\/\/centraide-rcoq.ca\/soq\/wp-content\/uploads\/sites\/12\/2026\/04\/Entete-site-web-768x284.png\" class=\"attachment-medium_large size-medium_large wp-image-2768\" alt=\"Entete-site-web\" srcset=\"https:\/\/centraide-rcoq.ca\/soq\/wp-content\/uploads\/sites\/12\/2026\/04\/Entete-site-web-768x284.png 768w, https:\/\/centraide-rcoq.ca\/soq\/wp-content\/uploads\/sites\/12\/2026\/04\/Entete-site-web-300x111.png 300w, https:\/\/centraide-rcoq.ca\/soq\/wp-content\/uploads\/sites\/12\/2026\/04\/Entete-site-web.png 851w\" sizes=\"(max-width: 768px) 100vw, 768px\" \/><\/div><\/a>\n\t\t\t\t<div class=\"elementor-post__text\">\n\t\t\t\t<h3 class=\"elementor-post__title\">\n\t\t\t<a href=\"https:\/\/centraide-rcoq.ca\/soq\/trouver-sa-place-le-parcours-damelie\/\" >\n\t\t\t\tTrouver sa place : le parcours d&rsquo;Am\u00e9lie\t\t\t<\/a>\n\t\t<\/h3>\n\t\t\t\t<div class=\"elementor-post__excerpt\">\n\t\t\t<p>L&rsquo;histoire d&rsquo;une jeune femme qui a gagn\u00e9 en confiance et en bien-\u00eatre Grandir avec des handicaps et des difficult\u00e9s que<\/p>\n\t\t<\/div>\n\t\t\n\t\t<a class=\"elementor-post__read-more\" href=\"https:\/\/centraide-rcoq.ca\/soq\/trouver-sa-place-le-parcours-damelie\/\" aria-label=\"En savoir plus sur Trouver sa place : le parcours d&rsquo;Am\u00e9lie\" tabindex=\"-1\" >\n\t\t\tLire la suite \u00bb\t\t<\/a>\n\n\t\t\t\t<\/div>\n\t\t\t\t<div class=\"elementor-post__meta-data\">\n\t\t\t\t\t<span class=\"elementor-post-date\">\n\t\t\t16 avril 2026\t\t<\/span>\n\t\t\t\t<\/div>\n\t\t\t\t\t<\/div>\n\t\t<\/article>\n\t\t\t\t<article class=\"elementor-post elementor-grid-item post-2757 post type-post status-publish format-standard has-post-thumbnail hentry category-nouvelles entry has-media\" role=\"listitem\">\n\t\t\t<div class=\"elementor-post__card\">\n\t\t\t\t<a class=\"elementor-post__thumbnail__link\" href=\"https:\/\/centraide-rcoq.ca\/soq\/don-testamentaire-et-autres-formes-de-don-planifie-tout-ce-que-vous-devez-savoir-pour-donner-autrement\/\" tabindex=\"-1\" ><div class=\"elementor-post__thumbnail\"><img decoding=\"async\" width=\"768\" height=\"403\" src=\"https:\/\/centraide-rcoq.ca\/soq\/wp-content\/uploads\/sites\/12\/2026\/04\/Article-dons-planifies-image-entete-Choix-2-768x403.png\" class=\"attachment-medium_large size-medium_large wp-image-2758\" alt=\"Article dons planifi\u00e9s - image ent\u00eate Choix 2\" srcset=\"https:\/\/centraide-rcoq.ca\/soq\/wp-content\/uploads\/sites\/12\/2026\/04\/Article-dons-planifies-image-entete-Choix-2-768x403.png 768w, https:\/\/centraide-rcoq.ca\/soq\/wp-content\/uploads\/sites\/12\/2026\/04\/Article-dons-planifies-image-entete-Choix-2-300x158.png 300w, https:\/\/centraide-rcoq.ca\/soq\/wp-content\/uploads\/sites\/12\/2026\/04\/Article-dons-planifies-image-entete-Choix-2-1024x538.png 1024w, https:\/\/centraide-rcoq.ca\/soq\/wp-content\/uploads\/sites\/12\/2026\/04\/Article-dons-planifies-image-entete-Choix-2.png 1200w\" sizes=\"(max-width: 768px) 100vw, 768px\" \/><\/div><\/a>\n\t\t\t\t<div class=\"elementor-post__text\">\n\t\t\t\t<h3 class=\"elementor-post__title\">\n\t\t\t<a href=\"https:\/\/centraide-rcoq.ca\/soq\/don-testamentaire-et-autres-formes-de-don-planifie-tout-ce-que-vous-devez-savoir-pour-donner-autrement\/\" >\n\t\t\t\tDon testamentaire\u00a0et autres formes de don planifi\u00e9\u00a0: tout ce que vous devez savoir pour donner autrement\t\t\t<\/a>\n\t\t<\/h3>\n\t\t\t\t<div class=\"elementor-post__excerpt\">\n\t\t\t<p>Vous avez probablement d\u00e9j\u00e0 entendu parler des dons planifi\u00e9s. Mais savez-vous r\u00e9ellement en quoi ils\u00a0consistent ?\u00a0Mai est le mois du<\/p>\n\t\t<\/div>\n\t\t\n\t\t<a class=\"elementor-post__read-more\" href=\"https:\/\/centraide-rcoq.ca\/soq\/don-testamentaire-et-autres-formes-de-don-planifie-tout-ce-que-vous-devez-savoir-pour-donner-autrement\/\" aria-label=\"En savoir plus sur Don testamentaire\u00a0et autres formes de don planifi\u00e9\u00a0: tout ce que vous devez savoir pour donner autrement\" tabindex=\"-1\" >\n\t\t\tLire la suite \u00bb\t\t<\/a>\n\n\t\t\t\t<\/div>\n\t\t\t\t<div class=\"elementor-post__meta-data\">\n\t\t\t\t\t<span class=\"elementor-post-date\">\n\t\t\t16 avril 2026\t\t<\/span>\n\t\t\t\t<\/div>\n\t\t\t\t\t<\/div>\n\t\t<\/article>\n\t\t\t\t<article class=\"elementor-post elementor-grid-item post-2752 post type-post status-publish format-standard has-post-thumbnail hentry category-nouvelles entry has-media\" role=\"listitem\">\n\t\t\t<div class=\"elementor-post__card\">\n\t\t\t\t<a class=\"elementor-post__thumbnail__link\" href=\"https:\/\/centraide-rcoq.ca\/soq\/laisser-sa-marque-le-temoignage-dun-donateur-planifie\/\" tabindex=\"-1\" ><div class=\"elementor-post__thumbnail\"><img decoding=\"async\" width=\"768\" height=\"432\" src=\"https:\/\/centraide-rcoq.ca\/soq\/wp-content\/uploads\/sites\/12\/2026\/04\/Mario-image-temoignage-mario-768x432.png\" class=\"attachment-medium_large size-medium_large wp-image-2753\" alt=\"Photo de Mario, un donateur qui a choisi de faire un don testamentaire\" srcset=\"https:\/\/centraide-rcoq.ca\/soq\/wp-content\/uploads\/sites\/12\/2026\/04\/Mario-image-temoignage-mario-768x432.png 768w, https:\/\/centraide-rcoq.ca\/soq\/wp-content\/uploads\/sites\/12\/2026\/04\/Mario-image-temoignage-mario-300x169.png 300w, https:\/\/centraide-rcoq.ca\/soq\/wp-content\/uploads\/sites\/12\/2026\/04\/Mario-image-temoignage-mario-1024x576.png 1024w, https:\/\/centraide-rcoq.ca\/soq\/wp-content\/uploads\/sites\/12\/2026\/04\/Mario-image-temoignage-mario-1536x864.png 1536w, https:\/\/centraide-rcoq.ca\/soq\/wp-content\/uploads\/sites\/12\/2026\/04\/Mario-image-temoignage-mario-2048x1152.png 2048w, https:\/\/centraide-rcoq.ca\/soq\/wp-content\/uploads\/sites\/12\/2026\/04\/Mario-image-temoignage-mario-800x450.png 800w\" sizes=\"(max-width: 768px) 100vw, 768px\" \/><\/div><\/a>\n\t\t\t\t<div class=\"elementor-post__text\">\n\t\t\t\t<h3 class=\"elementor-post__title\">\n\t\t\t<a href=\"https:\/\/centraide-rcoq.ca\/soq\/laisser-sa-marque-le-temoignage-dun-donateur-planifie\/\" >\n\t\t\t\tLaisser sa marque : le t\u00e9moignage d&rsquo;un donateur par testament\t\t\t<\/a>\n\t\t<\/h3>\n\t\t\t\t<div class=\"elementor-post__excerpt\">\n\t\t\t<p>Pour certaines personnes, la retraite est un moment de bilan, de gratitude et de d\u00e9sir de continuer \u00e0 contribuer. C&rsquo;est<\/p>\n\t\t<\/div>\n\t\t\n\t\t<a class=\"elementor-post__read-more\" href=\"https:\/\/centraide-rcoq.ca\/soq\/laisser-sa-marque-le-temoignage-dun-donateur-planifie\/\" aria-label=\"En savoir plus sur Laisser sa marque : le t\u00e9moignage d&rsquo;un donateur par testament\" tabindex=\"-1\" >\n\t\t\tLire la suite \u00bb\t\t<\/a>\n\n\t\t\t\t<\/div>\n\t\t\t\t<div class=\"elementor-post__meta-data\">\n\t\t\t\t\t<span class=\"elementor-post-date\">\n\t\t\t16 avril 2026\t\t<\/span>\n\t\t\t\t<\/div>\n\t\t\t\t\t<\/div>\n\t\t<\/article>\n\t\t\t\t<article class=\"elementor-post elementor-grid-item post-2744 post type-post status-publish format-standard has-post-thumbnail hentry category-non-classe entry has-media\" role=\"listitem\">\n\t\t\t<div class=\"elementor-post__card\">\n\t\t\t\t<a class=\"elementor-post__thumbnail__link\" href=\"https:\/\/centraide-rcoq.ca\/soq\/greve-du-milieu-communautaire\/\" tabindex=\"-1\" ><div class=\"elementor-post__thumbnail\"><img loading=\"lazy\" decoding=\"async\" width=\"768\" height=\"270\" src=\"https:\/\/centraide-rcoq.ca\/soq\/wp-content\/uploads\/sites\/12\/2026\/03\/background-form-centraide-1-768x270.jpg\" class=\"attachment-medium_large size-medium_large wp-image-2745\" alt=\"\" srcset=\"https:\/\/centraide-rcoq.ca\/soq\/wp-content\/uploads\/sites\/12\/2026\/03\/background-form-centraide-1-768x270.jpg 768w, https:\/\/centraide-rcoq.ca\/soq\/wp-content\/uploads\/sites\/12\/2026\/03\/background-form-centraide-1-300x105.jpg 300w, https:\/\/centraide-rcoq.ca\/soq\/wp-content\/uploads\/sites\/12\/2026\/03\/background-form-centraide-1-1024x359.jpg 1024w, https:\/\/centraide-rcoq.ca\/soq\/wp-content\/uploads\/sites\/12\/2026\/03\/background-form-centraide-1-1536x539.jpg 1536w, https:\/\/centraide-rcoq.ca\/soq\/wp-content\/uploads\/sites\/12\/2026\/03\/background-form-centraide-1.jpg 1920w\" sizes=\"(max-width: 768px) 100vw, 768px\" \/><\/div><\/a>\n\t\t\t\t<div class=\"elementor-post__text\">\n\t\t\t\t<h3 class=\"elementor-post__title\">\n\t\t\t<a href=\"https:\/\/centraide-rcoq.ca\/soq\/greve-du-milieu-communautaire\/\" >\n\t\t\t\tGr\u00e8ve du milieu communautaire\t\t\t<\/a>\n\t\t<\/h3>\n\t\t\t\t<div class=\"elementor-post__excerpt\">\n\t\t\t<p>Urgence d\u2019un financement structurant \u00c0 l\u2019attention des membres de l\u2019Assembl\u00e9e nationale du Qu\u00e9bec La gr\u00e8ve annonc\u00e9e par une grande partie<\/p>\n\t\t<\/div>\n\t\t\n\t\t<a class=\"elementor-post__read-more\" href=\"https:\/\/centraide-rcoq.ca\/soq\/greve-du-milieu-communautaire\/\" aria-label=\"En savoir plus sur Gr\u00e8ve du milieu communautaire\" tabindex=\"-1\" >\n\t\t\tLire la suite \u00bb\t\t<\/a>\n\n\t\t\t\t<\/div>\n\t\t\t\t<div class=\"elementor-post__meta-data\">\n\t\t\t\t\t<span class=\"elementor-post-date\">\n\t\t\t23 mars 2026\t\t<\/span>\n\t\t\t\t<\/div>\n\t\t\t\t\t<\/div>\n\t\t<\/article>\n\t\t\t\t<article class=\"elementor-post elementor-grid-item post-2737 post type-post status-publish format-standard has-post-thumbnail hentry category-nouvelles entry has-media\" role=\"listitem\">\n\t\t\t<div class=\"elementor-post__card\">\n\t\t\t\t<a class=\"elementor-post__thumbnail__link\" href=\"https:\/\/centraide-rcoq.ca\/soq\/les-maisons-de-jeunes-lieux-dancrage-de-confiance-et-dengagement\/\" tabindex=\"-1\" ><div class=\"elementor-post__thumbnail\"><img loading=\"lazy\" decoding=\"async\" width=\"768\" height=\"432\" src=\"https:\/\/centraide-rcoq.ca\/soq\/wp-content\/uploads\/sites\/12\/2026\/02\/Photo-MDJ-3-768x432.png\" class=\"attachment-medium_large size-medium_large wp-image-2738\" alt=\"En maison des jeunes\" srcset=\"https:\/\/centraide-rcoq.ca\/soq\/wp-content\/uploads\/sites\/12\/2026\/02\/Photo-MDJ-3-768x432.png 768w, https:\/\/centraide-rcoq.ca\/soq\/wp-content\/uploads\/sites\/12\/2026\/02\/Photo-MDJ-3-300x169.png 300w, https:\/\/centraide-rcoq.ca\/soq\/wp-content\/uploads\/sites\/12\/2026\/02\/Photo-MDJ-3-1024x576.png 1024w, https:\/\/centraide-rcoq.ca\/soq\/wp-content\/uploads\/sites\/12\/2026\/02\/Photo-MDJ-3-1536x864.png 1536w, https:\/\/centraide-rcoq.ca\/soq\/wp-content\/uploads\/sites\/12\/2026\/02\/Photo-MDJ-3-2048x1152.png 2048w, https:\/\/centraide-rcoq.ca\/soq\/wp-content\/uploads\/sites\/12\/2026\/02\/Photo-MDJ-3-800x450.png 800w\" sizes=\"(max-width: 768px) 100vw, 768px\" \/><\/div><\/a>\n\t\t\t\t<div class=\"elementor-post__text\">\n\t\t\t\t<h3 class=\"elementor-post__title\">\n\t\t\t<a href=\"https:\/\/centraide-rcoq.ca\/soq\/les-maisons-de-jeunes-lieux-dancrage-de-confiance-et-dengagement\/\" >\n\t\t\t\tLes maisons de jeunes :\u00a0lieux d\u2019ancrage, de confiance et d\u2019engagement\u00a0\t\t\t<\/a>\n\t\t<\/h3>\n\t\t\t\t<div class=\"elementor-post__excerpt\">\n\t\t\t<p>Les maisons des jeunes forment la prochaine g\u00e9n\u00e9ration : estime, pr\u00e9vention, engagement citoyen. D\u00e9couvrez leur impact r\u00e9el dans la vie des ados. <\/p>\n\t\t<\/div>\n\t\t\n\t\t<a class=\"elementor-post__read-more\" href=\"https:\/\/centraide-rcoq.ca\/soq\/les-maisons-de-jeunes-lieux-dancrage-de-confiance-et-dengagement\/\" aria-label=\"En savoir plus sur Les maisons de jeunes :\u00a0lieux d\u2019ancrage, de confiance et d\u2019engagement\u00a0\" tabindex=\"-1\" >\n\t\t\tLire la suite \u00bb\t\t<\/a>\n\n\t\t\t\t<\/div>\n\t\t\t\t<div class=\"elementor-post__meta-data\">\n\t\t\t\t\t<span class=\"elementor-post-date\">\n\t\t\t18 f\u00e9vrier 2026\t\t<\/span>\n\t\t\t\t<\/div>\n\t\t\t\t\t<\/div>\n\t\t<\/article>\n\t\t\t\t<article class=\"elementor-post elementor-grid-item post-2727 post type-post status-publish format-standard has-post-thumbnail hentry category-nouvelles entry has-media\" role=\"listitem\">\n\t\t\t<div class=\"elementor-post__card\">\n\t\t\t\t<a class=\"elementor-post__thumbnail__link\" href=\"https:\/\/centraide-rcoq.ca\/soq\/mardi-je-donne-une-mobilisation-forte-grace-a-la-generosite-de-la-communaute-et-au-jumelage-offert-par-ile-perrot-toyota\/\" tabindex=\"-1\" ><div class=\"elementor-post__thumbnail\"><img loading=\"lazy\" decoding=\"async\" width=\"768\" height=\"432\" src=\"https:\/\/centraide-rcoq.ca\/soq\/wp-content\/uploads\/sites\/12\/2025\/12\/Vignette-YouTube-768x432.png\" class=\"attachment-medium_large size-medium_large wp-image-2728\" alt=\"\" srcset=\"https:\/\/centraide-rcoq.ca\/soq\/wp-content\/uploads\/sites\/12\/2025\/12\/Vignette-YouTube-768x432.png 768w, https:\/\/centraide-rcoq.ca\/soq\/wp-content\/uploads\/sites\/12\/2025\/12\/Vignette-YouTube-300x169.png 300w, https:\/\/centraide-rcoq.ca\/soq\/wp-content\/uploads\/sites\/12\/2025\/12\/Vignette-YouTube-1024x576.png 1024w, https:\/\/centraide-rcoq.ca\/soq\/wp-content\/uploads\/sites\/12\/2025\/12\/Vignette-YouTube-800x450.png 800w, https:\/\/centraide-rcoq.ca\/soq\/wp-content\/uploads\/sites\/12\/2025\/12\/Vignette-YouTube.png 1280w\" sizes=\"(max-width: 768px) 100vw, 768px\" \/><\/div><\/a>\n\t\t\t\t<div class=\"elementor-post__text\">\n\t\t\t\t<h3 class=\"elementor-post__title\">\n\t\t\t<a href=\"https:\/\/centraide-rcoq.ca\/soq\/mardi-je-donne-une-mobilisation-forte-grace-a-la-generosite-de-la-communaute-et-au-jumelage-offert-par-ile-perrot-toyota\/\" >\n\t\t\t\tMardi Je Donne : une mobilisation forte gr\u00e2ce \u00e0 la g\u00e9n\u00e9rosit\u00e9 de la communaut\u00e9 et au jumelage offert par\u00a0\u00cele-Perrot\u00a0Toyota\u00a0\t\t\t<\/a>\n\t\t<\/h3>\n\t\t\t\t<div class=\"elementor-post__excerpt\">\n\t\t\t<p>Centraide\u00a0Sud-Ouest du Qu\u00e9bec\u00a0tient \u00e0 remercier chaleureusement la population, les donateurs et les partenaires qui ont particip\u00e9 \u00e0 l\u2019\u00e9dition 2025 de\u00a0Mardi\u00a0Je<\/p>\n\t\t<\/div>\n\t\t\n\t\t<a class=\"elementor-post__read-more\" href=\"https:\/\/centraide-rcoq.ca\/soq\/mardi-je-donne-une-mobilisation-forte-grace-a-la-generosite-de-la-communaute-et-au-jumelage-offert-par-ile-perrot-toyota\/\" aria-label=\"En savoir plus sur Mardi Je Donne : une mobilisation forte gr\u00e2ce \u00e0 la g\u00e9n\u00e9rosit\u00e9 de la communaut\u00e9 et au jumelage offert par\u00a0\u00cele-Perrot\u00a0Toyota\u00a0\" tabindex=\"-1\" >\n\t\t\tLire la suite \u00bb\t\t<\/a>\n\n\t\t\t\t<\/div>\n\t\t\t\t<div class=\"elementor-post__meta-data\">\n\t\t\t\t\t<span class=\"elementor-post-date\">\n\t\t\t8 d\u00e9cembre 2025\t\t<\/span>\n\t\t\t\t<\/div>\n\t\t\t\t\t<\/div>\n\t\t<\/article>\n\t\t\t\t<article class=\"elementor-post elementor-grid-item post-2713 post type-post status-publish format-standard has-post-thumbnail hentry category-non-classe entry has-media\" role=\"listitem\">\n\t\t\t<div class=\"elementor-post__card\">\n\t\t\t\t<a class=\"elementor-post__thumbnail__link\" href=\"https:\/\/centraide-rcoq.ca\/soq\/mardi-je-donne-toyota-ile-perrot-doublera-les-dons\/\" tabindex=\"-1\" ><div class=\"elementor-post__thumbnail\"><img loading=\"lazy\" decoding=\"async\" width=\"768\" height=\"432\" src=\"https:\/\/centraide-rcoq.ca\/soq\/wp-content\/uploads\/sites\/12\/2025\/11\/Vignette-YouTube-12-768x432.png\" class=\"attachment-medium_large size-medium_large wp-image-2714\" alt=\"\" srcset=\"https:\/\/centraide-rcoq.ca\/soq\/wp-content\/uploads\/sites\/12\/2025\/11\/Vignette-YouTube-12-768x432.png 768w, https:\/\/centraide-rcoq.ca\/soq\/wp-content\/uploads\/sites\/12\/2025\/11\/Vignette-YouTube-12-300x169.png 300w, https:\/\/centraide-rcoq.ca\/soq\/wp-content\/uploads\/sites\/12\/2025\/11\/Vignette-YouTube-12-1024x576.png 1024w, https:\/\/centraide-rcoq.ca\/soq\/wp-content\/uploads\/sites\/12\/2025\/11\/Vignette-YouTube-12-800x450.png 800w, https:\/\/centraide-rcoq.ca\/soq\/wp-content\/uploads\/sites\/12\/2025\/11\/Vignette-YouTube-12.png 1280w\" sizes=\"(max-width: 768px) 100vw, 768px\" \/><\/div><\/a>\n\t\t\t\t<div class=\"elementor-post__text\">\n\t\t\t\t<h3 class=\"elementor-post__title\">\n\t\t\t<a href=\"https:\/\/centraide-rcoq.ca\/soq\/mardi-je-donne-toyota-ile-perrot-doublera-les-dons\/\" >\n\t\t\t\tMardi Je Donne :\u00a0Toyota \u00cele-Perrot\u00a0doublera les dons\t\t\t<\/a>\n\t\t<\/h3>\n\t\t\t\t<div class=\"elementor-post__excerpt\">\n\t\t\t<p>Centraide\u00a0Sud-Ouest du Qu\u00e9bec (ci-apr\u00e8s SOQ)\u00a0est fier de\u00a0renouveler\u00a0le\u00a0partenariat avec\u00a0Toyota \u00cele-Perrot\u00a0dans le cadre du\u00a0Mardi\u00a0Je Donne 2025. Du 24\u00a0novembre au 4 d\u00e9cembre,\u00a0les dons\u00a0vers\u00e9s\u00a0\u00e0<\/p>\n\t\t<\/div>\n\t\t\n\t\t<a class=\"elementor-post__read-more\" href=\"https:\/\/centraide-rcoq.ca\/soq\/mardi-je-donne-toyota-ile-perrot-doublera-les-dons\/\" aria-label=\"En savoir plus sur Mardi Je Donne :\u00a0Toyota \u00cele-Perrot\u00a0doublera les dons\" tabindex=\"-1\" >\n\t\t\tLire la suite \u00bb\t\t<\/a>\n\n\t\t\t\t<\/div>\n\t\t\t\t<div class=\"elementor-post__meta-data\">\n\t\t\t\t\t<span class=\"elementor-post-date\">\n\t\t\t17 novembre 2025\t\t<\/span>\n\t\t\t\t<\/div>\n\t\t\t\t\t<\/div>\n\t\t<\/article>\n\t\t\t\t<article class=\"elementor-post elementor-grid-item post-2643 post type-post status-publish format-standard has-post-thumbnail hentry category-nouvelles entry has-media\" role=\"listitem\">\n\t\t\t<div class=\"elementor-post__card\">\n\t\t\t\t<a class=\"elementor-post__thumbnail__link\" href=\"https:\/\/centraide-rcoq.ca\/soq\/lancement-de-campagne-centraide-sud-ouest-du-quebec\/\" tabindex=\"-1\" ><div class=\"elementor-post__thumbnail\"><img loading=\"lazy\" decoding=\"async\" width=\"768\" height=\"383\" src=\"https:\/\/centraide-rcoq.ca\/soq\/wp-content\/uploads\/sites\/12\/2025\/09\/image00003-scaled-e1758897466849-768x383.jpeg\" class=\"attachment-medium_large size-medium_large wp-image-2659\" alt=\"\" srcset=\"https:\/\/centraide-rcoq.ca\/soq\/wp-content\/uploads\/sites\/12\/2025\/09\/image00003-scaled-e1758897466849-768x383.jpeg 768w, https:\/\/centraide-rcoq.ca\/soq\/wp-content\/uploads\/sites\/12\/2025\/09\/image00003-scaled-e1758897466849-300x150.jpeg 300w, https:\/\/centraide-rcoq.ca\/soq\/wp-content\/uploads\/sites\/12\/2025\/09\/image00003-scaled-e1758897466849-1024x510.jpeg 1024w, https:\/\/centraide-rcoq.ca\/soq\/wp-content\/uploads\/sites\/12\/2025\/09\/image00003-scaled-e1758897466849-1536x766.jpeg 1536w, https:\/\/centraide-rcoq.ca\/soq\/wp-content\/uploads\/sites\/12\/2025\/09\/image00003-scaled-e1758897466849-2048x1021.jpeg 2048w\" sizes=\"(max-width: 768px) 100vw, 768px\" \/><\/div><\/a>\n\t\t\t\t<div class=\"elementor-post__text\">\n\t\t\t\t<h3 class=\"elementor-post__title\">\n\t\t\t<a href=\"https:\/\/centraide-rcoq.ca\/soq\/lancement-de-campagne-centraide-sud-ouest-du-quebec\/\" >\n\t\t\t\tLancement de campagne Centraide Sud-Ouest du Qu\u00e9bec\u00a0\t\t\t<\/a>\n\t\t<\/h3>\n\t\t\t\t<div class=\"elementor-post__excerpt\">\n\t\t\t<p>\u00c0 go, on Centraide ! La campagne d\u00e9bute officiellement. <\/p>\n\t\t<\/div>\n\t\t\n\t\t<a class=\"elementor-post__read-more\" href=\"https:\/\/centraide-rcoq.ca\/soq\/lancement-de-campagne-centraide-sud-ouest-du-quebec\/\" aria-label=\"En savoir plus sur Lancement de campagne Centraide Sud-Ouest du Qu\u00e9bec\u00a0\" tabindex=\"-1\" >\n\t\t\tLire la suite \u00bb\t\t<\/a>\n\n\t\t\t\t<\/div>\n\t\t\t\t<div class=\"elementor-post__meta-data\">\n\t\t\t\t\t<span class=\"elementor-post-date\">\n\t\t\t26 septembre 2025\t\t<\/span>\n\t\t\t\t<\/div>\n\t\t\t\t\t<\/div>\n\t\t<\/article>\n\t\t\t\t<article class=\"elementor-post elementor-grid-item post-2633 post type-post status-publish format-standard has-post-thumbnail hentry category-nouvelles entry has-media\" role=\"listitem\">\n\t\t\t<div class=\"elementor-post__card\">\n\t\t\t\t<a class=\"elementor-post__thumbnail__link\" href=\"https:\/\/centraide-rcoq.ca\/soq\/offre-demploi-3\/\" tabindex=\"-1\" ><div class=\"elementor-post__thumbnail\"><img loading=\"lazy\" decoding=\"async\" width=\"768\" height=\"432\" src=\"https:\/\/centraide-rcoq.ca\/soq\/wp-content\/uploads\/sites\/12\/2022\/02\/Canevas-ent\u00eate-darticle-768x432.png\" class=\"attachment-medium_large size-medium_large wp-image-1267\" alt=\"\" srcset=\"https:\/\/centraide-rcoq.ca\/soq\/wp-content\/uploads\/sites\/12\/2022\/02\/Canevas-ent\u00eate-darticle-768x432.png 768w, https:\/\/centraide-rcoq.ca\/soq\/wp-content\/uploads\/sites\/12\/2022\/02\/Canevas-ent\u00eate-darticle-300x169.png 300w, https:\/\/centraide-rcoq.ca\/soq\/wp-content\/uploads\/sites\/12\/2022\/02\/Canevas-ent\u00eate-darticle-1024x576.png 1024w\" sizes=\"(max-width: 768px) 100vw, 768px\" \/><\/div><\/a>\n\t\t\t\t<div class=\"elementor-post__text\">\n\t\t\t\t<h3 class=\"elementor-post__title\">\n\t\t\t<a href=\"https:\/\/centraide-rcoq.ca\/soq\/offre-demploi-3\/\" >\n\t\t\t\tOffre d&#8217;emploi\t\t\t<\/a>\n\t\t<\/h3>\n\t\t\t\t<div class=\"elementor-post__excerpt\">\n\t\t\t<p>COMMIS DE BUREAU (poste contractuel)&nbsp; Sommaire de la fonction :&nbsp; Sous la supervision de la Directrice du D\u00e9veloppement et Partenariats,<\/p>\n\t\t<\/div>\n\t\t\n\t\t<a class=\"elementor-post__read-more\" href=\"https:\/\/centraide-rcoq.ca\/soq\/offre-demploi-3\/\" aria-label=\"En savoir plus sur Offre d&#8217;emploi\" tabindex=\"-1\" >\n\t\t\tLire la suite \u00bb\t\t<\/a>\n\n\t\t\t\t<\/div>\n\t\t\t\t<div class=\"elementor-post__meta-data\">\n\t\t\t\t\t<span class=\"elementor-post-date\">\n\t\t\t9 septembre 2025\t\t<\/span>\n\t\t\t\t<\/div>\n\t\t\t\t\t<\/div>\n\t\t<\/article>\n\t\t\t\t<article class=\"elementor-post elementor-grid-item post-2543 post type-post status-publish format-standard has-post-thumbnail hentry category-nouvelles entry has-media\" role=\"listitem\">\n\t\t\t<div class=\"elementor-post__card\">\n\t\t\t\t<a class=\"elementor-post__thumbnail__link\" href=\"https:\/\/centraide-rcoq.ca\/soq\/pres-de-800-000-investis-par-centraide-sud-ouest-du-quebec-pour-lutter-contre-la-pauvrete-et-lexclusion-sociale\/\" tabindex=\"-1\" ><div class=\"elementor-post__thumbnail\"><img loading=\"lazy\" decoding=\"async\" width=\"768\" height=\"432\" src=\"https:\/\/centraide-rcoq.ca\/soq\/wp-content\/uploads\/sites\/12\/2024\/09\/1-per-3-768x432.png\" class=\"attachment-medium_large size-medium_large wp-image-2204\" alt=\"\" srcset=\"https:\/\/centraide-rcoq.ca\/soq\/wp-content\/uploads\/sites\/12\/2024\/09\/1-per-3-768x432.png 768w, https:\/\/centraide-rcoq.ca\/soq\/wp-content\/uploads\/sites\/12\/2024\/09\/1-per-3-300x169.png 300w, https:\/\/centraide-rcoq.ca\/soq\/wp-content\/uploads\/sites\/12\/2024\/09\/1-per-3-1024x576.png 1024w, https:\/\/centraide-rcoq.ca\/soq\/wp-content\/uploads\/sites\/12\/2024\/09\/1-per-3-1536x864.png 1536w, https:\/\/centraide-rcoq.ca\/soq\/wp-content\/uploads\/sites\/12\/2024\/09\/1-per-3-800x450.png 800w, https:\/\/centraide-rcoq.ca\/soq\/wp-content\/uploads\/sites\/12\/2024\/09\/1-per-3.png 1920w\" sizes=\"(max-width: 768px) 100vw, 768px\" \/><\/div><\/a>\n\t\t\t\t<div class=\"elementor-post__text\">\n\t\t\t\t<h3 class=\"elementor-post__title\">\n\t\t\t<a href=\"https:\/\/centraide-rcoq.ca\/soq\/pres-de-800-000-investis-par-centraide-sud-ouest-du-quebec-pour-lutter-contre-la-pauvrete-et-lexclusion-sociale\/\" >\n\t\t\t\tPr\u00e8s de 800 000 $ investis par Centraide Sud-Ouest du Qu\u00e9bec pour lutter contre la pauvret\u00e9 et l\u2019exclusion sociale\u00a0\t\t\t<\/a>\n\t\t<\/h3>\n\t\t\t\t<div class=\"elementor-post__excerpt\">\n\t\t\t<p>Cette ann\u00e9e, Centraide SOQ investira pr\u00e8s de 800 000 $ dans la communaut\u00e9, notamment aupr\u00e8s de 26 organismes communautaires et<\/p>\n\t\t<\/div>\n\t\t\n\t\t<a class=\"elementor-post__read-more\" href=\"https:\/\/centraide-rcoq.ca\/soq\/pres-de-800-000-investis-par-centraide-sud-ouest-du-quebec-pour-lutter-contre-la-pauvrete-et-lexclusion-sociale\/\" aria-label=\"En savoir plus sur Pr\u00e8s de 800 000 $ investis par Centraide Sud-Ouest du Qu\u00e9bec pour lutter contre la pauvret\u00e9 et l\u2019exclusion sociale\u00a0\" tabindex=\"-1\" >\n\t\t\tLire la suite \u00bb\t\t<\/a>\n\n\t\t\t\t<\/div>\n\t\t\t\t<div class=\"elementor-post__meta-data\">\n\t\t\t\t\t<span class=\"elementor-post-date\">\n\t\t\t18 juin 2025\t\t<\/span>\n\t\t\t\t<\/div>\n\t\t\t\t\t<\/div>\n\t\t<\/article>\n\t\t\t\t<article class=\"elementor-post elementor-grid-item post-2483 post type-post status-publish format-standard has-post-thumbnail hentry category-nouvelles entry has-media\" role=\"listitem\">\n\t\t\t<div class=\"elementor-post__card\">\n\t\t\t\t<a class=\"elementor-post__thumbnail__link\" href=\"https:\/\/centraide-rcoq.ca\/soq\/laureats-de-ses-prix-reconnaissance-2025-de-centraide-soq\/\" tabindex=\"-1\" ><div class=\"elementor-post__thumbnail\"><img loading=\"lazy\" decoding=\"async\" width=\"768\" height=\"280\" src=\"https:\/\/centraide-rcoq.ca\/soq\/wp-content\/uploads\/sites\/12\/2025\/05\/LAUREATS-DES-PRIX-RECONNAISSANCE-2025-4-768x280.png\" class=\"attachment-medium_large size-medium_large wp-image-2500\" alt=\"\" srcset=\"https:\/\/centraide-rcoq.ca\/soq\/wp-content\/uploads\/sites\/12\/2025\/05\/LAUREATS-DES-PRIX-RECONNAISSANCE-2025-4-768x280.png 768w, https:\/\/centraide-rcoq.ca\/soq\/wp-content\/uploads\/sites\/12\/2025\/05\/LAUREATS-DES-PRIX-RECONNAISSANCE-2025-4-300x109.png 300w, https:\/\/centraide-rcoq.ca\/soq\/wp-content\/uploads\/sites\/12\/2025\/05\/LAUREATS-DES-PRIX-RECONNAISSANCE-2025-4-1024x373.png 1024w, https:\/\/centraide-rcoq.ca\/soq\/wp-content\/uploads\/sites\/12\/2025\/05\/LAUREATS-DES-PRIX-RECONNAISSANCE-2025-4-1536x560.png 1536w, https:\/\/centraide-rcoq.ca\/soq\/wp-content\/uploads\/sites\/12\/2025\/05\/LAUREATS-DES-PRIX-RECONNAISSANCE-2025-4.png 1920w\" sizes=\"(max-width: 768px) 100vw, 768px\" \/><\/div><\/a>\n\t\t\t\t<div class=\"elementor-post__text\">\n\t\t\t\t<h3 class=\"elementor-post__title\">\n\t\t\t<a href=\"https:\/\/centraide-rcoq.ca\/soq\/laureats-de-ses-prix-reconnaissance-2025-de-centraide-soq\/\" >\n\t\t\t\tLaur\u00e9ats de ses prix Reconnaissance 2025 de Centraide SOQ\t\t\t<\/a>\n\t\t<\/h3>\n\t\t\t\t<div class=\"elementor-post__excerpt\">\n\t\t\t<p>Centraide Sud-Ouest du Qu\u00e9bec (SOQ) a d\u00e9voil\u00e9 les laur\u00e9ats de ses prix Reconnaissance 2025, r\u00e9compensant l&rsquo;impact exceptionnel et l&rsquo;engagement remarquable<\/p>\n\t\t<\/div>\n\t\t\n\t\t<a class=\"elementor-post__read-more\" href=\"https:\/\/centraide-rcoq.ca\/soq\/laureats-de-ses-prix-reconnaissance-2025-de-centraide-soq\/\" aria-label=\"En savoir plus sur Laur\u00e9ats de ses prix Reconnaissance 2025 de Centraide SOQ\" tabindex=\"-1\" >\n\t\t\tLire la suite \u00bb\t\t<\/a>\n\n\t\t\t\t<\/div>\n\t\t\t\t<div class=\"elementor-post__meta-data\">\n\t\t\t\t\t<span class=\"elementor-post-date\">\n\t\t\t28 mai 2025\t\t<\/span>\n\t\t\t\t<\/div>\n\t\t\t\t\t<\/div>\n\t\t<\/article>\n\t\t\t\t<article class=\"elementor-post elementor-grid-item post-2479 post type-post status-publish format-standard has-post-thumbnail hentry category-nouvelles entry has-media\" role=\"listitem\">\n\t\t\t<div class=\"elementor-post__card\">\n\t\t\t\t<a class=\"elementor-post__thumbnail__link\" href=\"https:\/\/centraide-rcoq.ca\/soq\/centraide-sud-ouest-du-quebec-demenage-a-les-coteaux-une-nouvelle-adresse-pour-rester-au-coeur-de-sa-communaute\/\" tabindex=\"-1\" ><div class=\"elementor-post__thumbnail\"><img loading=\"lazy\" decoding=\"async\" width=\"768\" height=\"576\" src=\"https:\/\/centraide-rcoq.ca\/soq\/wp-content\/uploads\/sites\/12\/2025\/05\/Nouveau-bureau-Centraide-SOQ-768x576.jpg\" class=\"attachment-medium_large size-medium_large wp-image-2480\" alt=\"Nouvel emplacement du bureau de Centraide SOQ\" srcset=\"https:\/\/centraide-rcoq.ca\/soq\/wp-content\/uploads\/sites\/12\/2025\/05\/Nouveau-bureau-Centraide-SOQ-768x576.jpg 768w, https:\/\/centraide-rcoq.ca\/soq\/wp-content\/uploads\/sites\/12\/2025\/05\/Nouveau-bureau-Centraide-SOQ-300x225.jpg 300w, https:\/\/centraide-rcoq.ca\/soq\/wp-content\/uploads\/sites\/12\/2025\/05\/Nouveau-bureau-Centraide-SOQ.jpg 1024w\" sizes=\"(max-width: 768px) 100vw, 768px\" \/><\/div><\/a>\n\t\t\t\t<div class=\"elementor-post__text\">\n\t\t\t\t<h3 class=\"elementor-post__title\">\n\t\t\t<a href=\"https:\/\/centraide-rcoq.ca\/soq\/centraide-sud-ouest-du-quebec-demenage-a-les-coteaux-une-nouvelle-adresse-pour-rester-au-coeur-de-sa-communaute\/\" >\n\t\t\t\tCentraide Sud-Ouest du Qu\u00e9bec d\u00e9m\u00e9nage \u00e0 Les Coteaux : une nouvelle adresse pour rester au c\u0153ur de sa communaut\u00e9\u00a0\t\t\t<\/a>\n\t\t<\/h3>\n\t\t\t\t<div class=\"elementor-post__excerpt\">\n\t\t\t<p>Centraide Sud-Ouest du Qu\u00e9bec annonce le d\u00e9m\u00e9nagement de ses bureaux au 247, route 338, Les Coteaux (J7X 1A2). Toujours situ\u00e9<\/p>\n\t\t<\/div>\n\t\t\n\t\t<a class=\"elementor-post__read-more\" href=\"https:\/\/centraide-rcoq.ca\/soq\/centraide-sud-ouest-du-quebec-demenage-a-les-coteaux-une-nouvelle-adresse-pour-rester-au-coeur-de-sa-communaute\/\" aria-label=\"En savoir plus sur Centraide Sud-Ouest du Qu\u00e9bec d\u00e9m\u00e9nage \u00e0 Les Coteaux : une nouvelle adresse pour rester au c\u0153ur de sa communaut\u00e9\u00a0\" tabindex=\"-1\" >\n\t\t\tLire la suite \u00bb\t\t<\/a>\n\n\t\t\t\t<\/div>\n\t\t\t\t<div class=\"elementor-post__meta-data\">\n\t\t\t\t\t<span class=\"elementor-post-date\">\n\t\t\t15 mai 2025\t\t<\/span>\n\t\t\t\t<\/div>\n\t\t\t\t\t<\/div>\n\t\t<\/article>\n\t\t\t\t<\/div>\n\t\t\n\t\t\t\t<div class=\"e-load-more-anchor\" data-page=\"1\" data-max-page=\"6\" data-next-page=\"https:\/\/centraide-rcoq.ca\/soq\/wp-json\/wp\/v2\/pages\/216\/page\/2\/\"><\/div>\n\t\t\t\t<nav class=\"elementor-pagination\" aria-label=\"Pagination\">\n\t\t\t<span class=\"page-numbers prev\">&laquo; Pr\u00e9c\u00e9dent<\/span>\n<span aria-current=\"page\" class=\"page-numbers current\"><span class=\"elementor-screen-only\">Page<\/span>1<\/span>\n<a class=\"page-numbers\" href=\"https:\/\/centraide-rcoq.ca\/soq\/wp-json\/wp\/v2\/pages\/216\/page\/2\/\"><span class=\"elementor-screen-only\">Page<\/span>2<\/a>\n<a class=\"page-numbers\" href=\"https:\/\/centraide-rcoq.ca\/soq\/wp-json\/wp\/v2\/pages\/216\/page\/3\/\"><span class=\"elementor-screen-only\">Page<\/span>3<\/a>\n<a class=\"page-numbers\" href=\"https:\/\/centraide-rcoq.ca\/soq\/wp-json\/wp\/v2\/pages\/216\/page\/4\/\"><span class=\"elementor-screen-only\">Page<\/span>4<\/a>\n<a class=\"page-numbers\" href=\"https:\/\/centraide-rcoq.ca\/soq\/wp-json\/wp\/v2\/pages\/216\/page\/5\/\"><span class=\"elementor-screen-only\">Page<\/span>5<\/a>\n<a class=\"page-numbers\" href=\"https:\/\/centraide-rcoq.ca\/soq\/wp-json\/wp\/v2\/pages\/216\/page\/6\/\"><span class=\"elementor-screen-only\">Page<\/span>6<\/a>\n<a class=\"page-numbers next\" href=\"https:\/\/centraide-rcoq.ca\/soq\/wp-json\/wp\/v2\/pages\/216\/page\/2\/\">Suivant &raquo;<\/a>\t\t<\/nav>\n\t\t\t\t\t\t<\/div>\n\t\t\t\t<\/div>\n\t\t\t\t\t<\/div>\n\t\t<\/div>\n\t\t\t\t\t<\/div>\n\t\t<\/section>\n\t\t\t\t<\/div>\n\t\t","protected":false},"excerpt":{"rendered":"","protected":false},"author":1,"featured_media":0,"parent":0,"menu_order":0,"comment_status":"closed","ping_status":"closed","template":"elementor_header_footer","meta":{"ocean_post_layout":"","ocean_both_sidebars_style":"","ocean_both_sidebars_content_width":0,"ocean_both_sidebars_sidebars_width":0,"ocean_sidebar":"0","ocean_second_sidebar":"0","ocean_disable_margins":"enable","ocean_add_body_class":"","ocean_shortcode_before_top_bar":"","ocean_shortcode_after_top_bar":"","ocean_shortcode_before_header":"","ocean_shortcode_after_header":"","ocean_has_shortcode":"","ocean_shortcode_after_title":"","ocean_shortcode_before_footer_widgets":"","ocean_shortcode_after_footer_widgets":"","ocean_shortcode_before_footer_bottom":"","ocean_shortcode_after_footer_bottom":"","ocean_display_top_bar":"default","ocean_display_header":"default","ocean_header_style":"","ocean_center_header_left_menu":"0","ocean_custom_header_template":"0","ocean_custom_logo":0,"ocean_custom_retina_logo":0,"ocean_custom_logo_max_width":0,"ocean_custom_logo_tablet_max_width":0,"ocean_custom_logo_mobile_max_width":0,"ocean_custom_logo_max_height":0,"ocean_custom_logo_tablet_max_height":0,"ocean_custom_logo_mobile_max_height":0,"ocean_header_custom_menu":"0","ocean_menu_typo_font_family":"0","ocean_menu_typo_font_subset":"","ocean_menu_typo_font_size":0,"ocean_menu_typo_font_size_tablet":0,"ocean_menu_typo_font_size_mobile":0,"ocean_menu_typo_font_size_unit":"px","ocean_menu_typo_font_weight":"","ocean_menu_typo_font_weight_tablet":"","ocean_menu_typo_font_weight_mobile":"","ocean_menu_typo_transform":"","ocean_menu_typo_transform_tablet":"","ocean_menu_typo_transform_mobile":"","ocean_menu_typo_line_height":0,"ocean_menu_typo_line_height_tablet":0,"ocean_menu_typo_line_height_mobile":0,"ocean_menu_typo_line_height_unit":"","ocean_menu_typo_spacing":0,"ocean_menu_typo_spacing_tablet":0,"ocean_menu_typo_spacing_mobile":0,"ocean_menu_typo_spacing_unit":"","ocean_menu_link_color":"","ocean_menu_link_color_hover":"","ocean_menu_link_color_active":"","ocean_menu_link_background":"","ocean_menu_link_hover_background":"","ocean_menu_link_active_background":"","ocean_menu_social_links_bg":"","ocean_menu_social_hover_links_bg":"","ocean_menu_social_links_color":"","ocean_menu_social_hover_links_color":"","ocean_disable_title":"default","ocean_disable_heading":"default","ocean_post_title":"","ocean_post_subheading":"","ocean_post_title_style":"","ocean_post_title_background_color":"","ocean_post_title_background":0,"ocean_post_title_bg_image_position":"","ocean_post_title_bg_image_attachment":"","ocean_post_title_bg_image_repeat":"","ocean_post_title_bg_image_size":"","ocean_post_title_height":0,"ocean_post_title_bg_overlay":0.5,"ocean_post_title_bg_overlay_color":"","ocean_disable_breadcrumbs":"default","ocean_breadcrumbs_color":"","ocean_breadcrumbs_separator_color":"","ocean_breadcrumbs_links_color":"","ocean_breadcrumbs_links_hover_color":"","ocean_display_footer_widgets":"default","ocean_display_footer_bottom":"default","ocean_custom_footer_template":"0","footnotes":""},"class_list":["post-216","page","type-page","status-publish","hentry","entry","has-media"],"_links":{"self":[{"href":"https:\/\/centraide-rcoq.ca\/soq\/wp-json\/wp\/v2\/pages\/216","targetHints":{"allow":["GET"]}}],"collection":[{"href":"https:\/\/centraide-rcoq.ca\/soq\/wp-json\/wp\/v2\/pages"}],"about":[{"href":"https:\/\/centraide-rcoq.ca\/soq\/wp-json\/wp\/v2\/types\/page"}],"author":[{"embeddable":true,"href":"https:\/\/centraide-rcoq.ca\/soq\/wp-json\/wp\/v2\/users\/1"}],"replies":[{"embeddable":true,"href":"https:\/\/centraide-rcoq.ca\/soq\/wp-json\/wp\/v2\/comments?post=216"}],"version-history":[{"count":9,"href":"https:\/\/centraide-rcoq.ca\/soq\/wp-json\/wp\/v2\/pages\/216\/revisions"}],"predecessor-version":[{"id":1276,"href":"https:\/\/centraide-rcoq.ca\/soq\/wp-json\/wp\/v2\/pages\/216\/revisions\/1276"}],"wp:attachment":[{"href":"https:\/\/centraide-rcoq.ca\/soq\/wp-json\/wp\/v2\/media?parent=216"}],"curies":[{"name":"wp","href":"https:\/\/api.w.org\/{rel}","templated":true}]}}