{"id":216,"date":"2019-05-13T13:22:35","date_gmt":"2019-05-13T17:22:35","guid":{"rendered":"https:\/\/centraide.absoludev.ca\/atnq\/?page_id=216"},"modified":"2022-02-17T08:52:13","modified_gmt":"2022-02-17T13:52:13","slug":"nouvelles","status":"publish","type":"page","link":"https:\/\/centraide-rcoq.ca\/atnq\/nouvelles\/","title":{"rendered":"Nouvelles"},"content":{"rendered":"\t\t<div data-elementor-type=\"wp-post\" data-elementor-id=\"216\" class=\"elementor elementor-216\" data-elementor-post-type=\"page\">\n\t\t\t\t\t\t<section class=\"elementor-section elementor-top-section elementor-element elementor-element-1a4de4f elementor-section-boxed elementor-section-height-default elementor-section-height-default\" data-id=\"1a4de4f\" data-element_type=\"section\" data-e-type=\"section\" data-settings=\"{&quot;background_background&quot;:&quot;classic&quot;}\">\n\t\t\t\t\t\t<div class=\"elementor-container elementor-column-gap-default\">\n\t\t\t\t\t<div class=\"elementor-column elementor-col-100 elementor-top-column elementor-element elementor-element-d588821\" data-id=\"d588821\" data-element_type=\"column\" data-e-type=\"column\">\n\t\t\t<div class=\"elementor-widget-wrap elementor-element-populated\">\n\t\t\t\t\t\t<div class=\"elementor-element elementor-element-093ade9 elementor-widget elementor-widget-heading\" data-id=\"093ade9\" data-element_type=\"widget\" data-e-type=\"widget\" data-widget_type=\"heading.default\">\n\t\t\t\t<div class=\"elementor-widget-container\">\n\t\t\t\t\t<h1 class=\"elementor-heading-title elementor-size-default\">Nouvelles<\/h1>\t\t\t\t<\/div>\n\t\t\t\t<\/div>\n\t\t\t\t<div class=\"elementor-element elementor-element-c238814 elementor-grid-3 elementor-grid-tablet-2 elementor-grid-mobile-1 elementor-posts--thumbnail-top elementor-card-shadow-yes elementor-posts__hover-gradient elementor-invisible elementor-widget elementor-widget-posts\" data-id=\"c238814\" data-element_type=\"widget\" data-e-type=\"widget\" data-settings=\"{&quot;pagination_type&quot;:&quot;numbers_and_prev_next&quot;,&quot;_animation&quot;:&quot;fadeIn&quot;,&quot;cards_columns&quot;:&quot;3&quot;,&quot;cards_columns_tablet&quot;:&quot;2&quot;,&quot;cards_columns_mobile&quot;:&quot;1&quot;,&quot;cards_row_gap&quot;:{&quot;unit&quot;:&quot;px&quot;,&quot;size&quot;:35,&quot;sizes&quot;:[]},&quot;cards_row_gap_tablet&quot;:{&quot;unit&quot;:&quot;px&quot;,&quot;size&quot;:&quot;&quot;,&quot;sizes&quot;:[]},&quot;cards_row_gap_mobile&quot;:{&quot;unit&quot;:&quot;px&quot;,&quot;size&quot;:&quot;&quot;,&quot;sizes&quot;:[]}}\" data-widget_type=\"posts.cards\">\n\t\t\t\t<div class=\"elementor-widget-container\">\n\t\t\t\t\t\t\t<div class=\"elementor-posts-container elementor-posts elementor-posts--skin-cards elementor-grid\" role=\"list\">\n\t\t\t\t<article class=\"elementor-post elementor-grid-item post-3874 post type-post status-publish format-standard has-post-thumbnail hentry category-nouvelles entry has-media\" role=\"listitem\">\n\t\t\t<div class=\"elementor-post__card\">\n\t\t\t\t<a class=\"elementor-post__thumbnail__link\" href=\"https:\/\/centraide-rcoq.ca\/atnq\/bienvenue-a-marie-joe-morin\/\" tabindex=\"-1\" ><div class=\"elementor-post__thumbnail\"><img fetchpriority=\"high\" decoding=\"async\" width=\"768\" height=\"567\" src=\"https:\/\/centraide-rcoq.ca\/atnq\/wp-content\/uploads\/sites\/2\/2026\/04\/Marie-Joe-Morin-768x567.jpg\" class=\"attachment-medium_large size-medium_large wp-image-3875\" alt=\"Marie-Joe Morin, conseill\u00e8re en d\u00e9veloppement philanthropique et social, Centraide ATNQ\" srcset=\"https:\/\/centraide-rcoq.ca\/atnq\/wp-content\/uploads\/sites\/2\/2026\/04\/Marie-Joe-Morin-768x567.jpg 768w, https:\/\/centraide-rcoq.ca\/atnq\/wp-content\/uploads\/sites\/2\/2026\/04\/Marie-Joe-Morin-300x221.jpg 300w, https:\/\/centraide-rcoq.ca\/atnq\/wp-content\/uploads\/sites\/2\/2026\/04\/Marie-Joe-Morin-1024x756.jpg 1024w, https:\/\/centraide-rcoq.ca\/atnq\/wp-content\/uploads\/sites\/2\/2026\/04\/Marie-Joe-Morin-1536x1134.jpg 1536w, https:\/\/centraide-rcoq.ca\/atnq\/wp-content\/uploads\/sites\/2\/2026\/04\/Marie-Joe-Morin-2048x1512.jpg 2048w\" sizes=\"(max-width: 768px) 100vw, 768px\" \/><\/div><\/a>\n\t\t\t\t<div class=\"elementor-post__text\">\n\t\t\t\t<h3 class=\"elementor-post__title\">\n\t\t\t<a href=\"https:\/\/centraide-rcoq.ca\/atnq\/bienvenue-a-marie-joe-morin\/\" >\n\t\t\t\tBienvenue \u00e0 Marie-Joe Morin\u00a0\t\t\t<\/a>\n\t\t<\/h3>\n\t\t\t\t<div class=\"elementor-post__excerpt\">\n\t\t\t<p>Bienvenue \u00e0 Marie-Joe Morin <\/p>\n<p>Conseill\u00e8re en d\u00e9veloppement philanthropique et social, Centraide ATNQ <\/p>\n\t\t<\/div>\n\t\t\n\t\t<a class=\"elementor-post__read-more\" href=\"https:\/\/centraide-rcoq.ca\/atnq\/bienvenue-a-marie-joe-morin\/\" aria-label=\"En savoir plus sur Bienvenue \u00e0 Marie-Joe Morin\u00a0\" tabindex=\"-1\" >\n\t\t\tLire la suite \u00bb\t\t<\/a>\n\n\t\t\t\t<\/div>\n\t\t\t\t<div class=\"elementor-post__meta-data\">\n\t\t\t\t\t<span class=\"elementor-post-date\">\n\t\t\t23 avril 2026\t\t<\/span>\n\t\t\t\t<\/div>\n\t\t\t\t\t<\/div>\n\t\t<\/article>\n\t\t\t\t<article class=\"elementor-post elementor-grid-item post-3840 post type-post status-publish format-standard has-post-thumbnail hentry category-nouvelles entry has-media\" role=\"listitem\">\n\t\t\t<div class=\"elementor-post__card\">\n\t\t\t\t<a class=\"elementor-post__thumbnail__link\" href=\"https:\/\/centraide-rcoq.ca\/atnq\/trouver-sa-place-le-parcours-damelie\/\" tabindex=\"-1\" ><div class=\"elementor-post__thumbnail\"><img decoding=\"async\" width=\"768\" height=\"284\" src=\"https:\/\/centraide-rcoq.ca\/atnq\/wp-content\/uploads\/sites\/2\/2026\/04\/Entete-site-web-768x284.png\" class=\"attachment-medium_large size-medium_large wp-image-3841\" alt=\"Ent\u00eate site web\" srcset=\"https:\/\/centraide-rcoq.ca\/atnq\/wp-content\/uploads\/sites\/2\/2026\/04\/Entete-site-web-768x284.png 768w, https:\/\/centraide-rcoq.ca\/atnq\/wp-content\/uploads\/sites\/2\/2026\/04\/Entete-site-web-300x111.png 300w, https:\/\/centraide-rcoq.ca\/atnq\/wp-content\/uploads\/sites\/2\/2026\/04\/Entete-site-web.png 851w\" sizes=\"(max-width: 768px) 100vw, 768px\" \/><\/div><\/a>\n\t\t\t\t<div class=\"elementor-post__text\">\n\t\t\t\t<h3 class=\"elementor-post__title\">\n\t\t\t<a href=\"https:\/\/centraide-rcoq.ca\/atnq\/trouver-sa-place-le-parcours-damelie\/\" >\n\t\t\t\tTrouver sa place : le parcours d&rsquo;Am\u00e9lie\t\t\t<\/a>\n\t\t<\/h3>\n\t\t\t\t<div class=\"elementor-post__excerpt\">\n\t\t\t<p>L&rsquo;histoire d&rsquo;une jeune femme qui a gagn\u00e9 en confiance et en bien-\u00eatre Grandir avec des handicaps et des difficult\u00e9s que<\/p>\n\t\t<\/div>\n\t\t\n\t\t<a class=\"elementor-post__read-more\" href=\"https:\/\/centraide-rcoq.ca\/atnq\/trouver-sa-place-le-parcours-damelie\/\" aria-label=\"En savoir plus sur Trouver sa place : le parcours d&rsquo;Am\u00e9lie\" tabindex=\"-1\" >\n\t\t\tLire la suite \u00bb\t\t<\/a>\n\n\t\t\t\t<\/div>\n\t\t\t\t<div class=\"elementor-post__meta-data\">\n\t\t\t\t\t<span class=\"elementor-post-date\">\n\t\t\t16 avril 2026\t\t<\/span>\n\t\t\t\t<\/div>\n\t\t\t\t\t<\/div>\n\t\t<\/article>\n\t\t\t\t<article class=\"elementor-post elementor-grid-item post-3823 post type-post status-publish format-standard has-post-thumbnail hentry category-nouvelles entry has-media\" role=\"listitem\">\n\t\t\t<div class=\"elementor-post__card\">\n\t\t\t\t<a class=\"elementor-post__thumbnail__link\" href=\"https:\/\/centraide-rcoq.ca\/atnq\/don-testamentaire-et-autres-formes-de-don-planifie-tout-ce-que-vous-devez-savoir-pour-donner-autrement\/\" tabindex=\"-1\" ><div class=\"elementor-post__thumbnail\"><img decoding=\"async\" width=\"768\" height=\"403\" src=\"https:\/\/centraide-rcoq.ca\/atnq\/wp-content\/uploads\/sites\/2\/2026\/04\/Article-dons-planifies-image-entete-Choix-2-768x403.png\" class=\"attachment-medium_large size-medium_large wp-image-3825\" alt=\"Article dons planifi\u00e9s - image ent\u00eate Choix 2\" srcset=\"https:\/\/centraide-rcoq.ca\/atnq\/wp-content\/uploads\/sites\/2\/2026\/04\/Article-dons-planifies-image-entete-Choix-2-768x403.png 768w, https:\/\/centraide-rcoq.ca\/atnq\/wp-content\/uploads\/sites\/2\/2026\/04\/Article-dons-planifies-image-entete-Choix-2-300x158.png 300w, https:\/\/centraide-rcoq.ca\/atnq\/wp-content\/uploads\/sites\/2\/2026\/04\/Article-dons-planifies-image-entete-Choix-2-1024x538.png 1024w, https:\/\/centraide-rcoq.ca\/atnq\/wp-content\/uploads\/sites\/2\/2026\/04\/Article-dons-planifies-image-entete-Choix-2.png 1200w\" sizes=\"(max-width: 768px) 100vw, 768px\" \/><\/div><\/a>\n\t\t\t\t<div class=\"elementor-post__text\">\n\t\t\t\t<h3 class=\"elementor-post__title\">\n\t\t\t<a href=\"https:\/\/centraide-rcoq.ca\/atnq\/don-testamentaire-et-autres-formes-de-don-planifie-tout-ce-que-vous-devez-savoir-pour-donner-autrement\/\" >\n\t\t\t\tDon testamentaire\u00a0et autres formes de don planifi\u00e9\u00a0: tout ce que vous devez savoir pour donner autrement\t\t\t<\/a>\n\t\t<\/h3>\n\t\t\t\t<div class=\"elementor-post__excerpt\">\n\t\t\t<p>Vous avez probablement d\u00e9j\u00e0 entendu parler des dons planifi\u00e9s. Mais savez-vous r\u00e9ellement en quoi ils\u00a0consistent ?\u00a0Mai est le mois du<\/p>\n\t\t<\/div>\n\t\t\n\t\t<a class=\"elementor-post__read-more\" href=\"https:\/\/centraide-rcoq.ca\/atnq\/don-testamentaire-et-autres-formes-de-don-planifie-tout-ce-que-vous-devez-savoir-pour-donner-autrement\/\" aria-label=\"En savoir plus sur Don testamentaire\u00a0et autres formes de don planifi\u00e9\u00a0: tout ce que vous devez savoir pour donner autrement\" tabindex=\"-1\" >\n\t\t\tLire la suite \u00bb\t\t<\/a>\n\n\t\t\t\t<\/div>\n\t\t\t\t<div class=\"elementor-post__meta-data\">\n\t\t\t\t\t<span class=\"elementor-post-date\">\n\t\t\t16 avril 2026\t\t<\/span>\n\t\t\t\t<\/div>\n\t\t\t\t\t<\/div>\n\t\t<\/article>\n\t\t\t\t<article class=\"elementor-post elementor-grid-item post-3814 post type-post status-publish format-standard has-post-thumbnail hentry category-nouvelles entry has-media\" role=\"listitem\">\n\t\t\t<div class=\"elementor-post__card\">\n\t\t\t\t<a class=\"elementor-post__thumbnail__link\" href=\"https:\/\/centraide-rcoq.ca\/atnq\/laisser-sa-marque-le-temoignage-dun-donateur-planifie\/\" tabindex=\"-1\" ><div class=\"elementor-post__thumbnail\"><img loading=\"lazy\" decoding=\"async\" width=\"768\" height=\"432\" src=\"https:\/\/centraide-rcoq.ca\/atnq\/wp-content\/uploads\/sites\/2\/2026\/04\/Don-planifie-ATNQ-longue1-768x432.png\" class=\"attachment-medium_large size-medium_large wp-image-3815\" alt=\"Photo de Mario, un donateur qui a choisi de faire un don testementaire\" srcset=\"https:\/\/centraide-rcoq.ca\/atnq\/wp-content\/uploads\/sites\/2\/2026\/04\/Don-planifie-ATNQ-longue1-768x432.png 768w, https:\/\/centraide-rcoq.ca\/atnq\/wp-content\/uploads\/sites\/2\/2026\/04\/Don-planifie-ATNQ-longue1-300x169.png 300w, https:\/\/centraide-rcoq.ca\/atnq\/wp-content\/uploads\/sites\/2\/2026\/04\/Don-planifie-ATNQ-longue1-1024x576.png 1024w, https:\/\/centraide-rcoq.ca\/atnq\/wp-content\/uploads\/sites\/2\/2026\/04\/Don-planifie-ATNQ-longue1-1536x864.png 1536w, https:\/\/centraide-rcoq.ca\/atnq\/wp-content\/uploads\/sites\/2\/2026\/04\/Don-planifie-ATNQ-longue1-2048x1152.png 2048w, https:\/\/centraide-rcoq.ca\/atnq\/wp-content\/uploads\/sites\/2\/2026\/04\/Don-planifie-ATNQ-longue1-800x450.png 800w\" sizes=\"(max-width: 768px) 100vw, 768px\" \/><\/div><\/a>\n\t\t\t\t<div class=\"elementor-post__text\">\n\t\t\t\t<h3 class=\"elementor-post__title\">\n\t\t\t<a href=\"https:\/\/centraide-rcoq.ca\/atnq\/laisser-sa-marque-le-temoignage-dun-donateur-planifie\/\" >\n\t\t\t\tLaisser sa marque : le t\u00e9moignage d&rsquo;un donateur par testament\t\t\t<\/a>\n\t\t<\/h3>\n\t\t\t\t<div class=\"elementor-post__excerpt\">\n\t\t\t<p>Pour certaines personnes, la retraite est un moment de bilan, de gratitude et de d\u00e9sir de continuer \u00e0 contribuer. C&rsquo;est<\/p>\n\t\t<\/div>\n\t\t\n\t\t<a class=\"elementor-post__read-more\" href=\"https:\/\/centraide-rcoq.ca\/atnq\/laisser-sa-marque-le-temoignage-dun-donateur-planifie\/\" aria-label=\"En savoir plus sur Laisser sa marque : le t\u00e9moignage d&rsquo;un donateur par testament\" tabindex=\"-1\" >\n\t\t\tLire la suite \u00bb\t\t<\/a>\n\n\t\t\t\t<\/div>\n\t\t\t\t<div class=\"elementor-post__meta-data\">\n\t\t\t\t\t<span class=\"elementor-post-date\">\n\t\t\t16 avril 2026\t\t<\/span>\n\t\t\t\t<\/div>\n\t\t\t\t\t<\/div>\n\t\t<\/article>\n\t\t\t\t<article class=\"elementor-post elementor-grid-item post-3810 post type-post status-publish format-standard has-post-thumbnail hentry category-non-classe entry has-media\" role=\"listitem\">\n\t\t\t<div class=\"elementor-post__card\">\n\t\t\t\t<a class=\"elementor-post__thumbnail__link\" href=\"https:\/\/centraide-rcoq.ca\/atnq\/greve-du-milieu-communautaire\/\" tabindex=\"-1\" ><div class=\"elementor-post__thumbnail\"><img loading=\"lazy\" decoding=\"async\" width=\"768\" height=\"270\" src=\"https:\/\/centraide-rcoq.ca\/atnq\/wp-content\/uploads\/sites\/2\/2026\/03\/background-form-centraide-1-768x270.jpg\" class=\"attachment-medium_large size-medium_large wp-image-3811\" alt=\"\" srcset=\"https:\/\/centraide-rcoq.ca\/atnq\/wp-content\/uploads\/sites\/2\/2026\/03\/background-form-centraide-1-768x270.jpg 768w, https:\/\/centraide-rcoq.ca\/atnq\/wp-content\/uploads\/sites\/2\/2026\/03\/background-form-centraide-1-300x105.jpg 300w, https:\/\/centraide-rcoq.ca\/atnq\/wp-content\/uploads\/sites\/2\/2026\/03\/background-form-centraide-1-1024x359.jpg 1024w, https:\/\/centraide-rcoq.ca\/atnq\/wp-content\/uploads\/sites\/2\/2026\/03\/background-form-centraide-1-1536x539.jpg 1536w, https:\/\/centraide-rcoq.ca\/atnq\/wp-content\/uploads\/sites\/2\/2026\/03\/background-form-centraide-1.jpg 1920w\" sizes=\"(max-width: 768px) 100vw, 768px\" \/><\/div><\/a>\n\t\t\t\t<div class=\"elementor-post__text\">\n\t\t\t\t<h3 class=\"elementor-post__title\">\n\t\t\t<a href=\"https:\/\/centraide-rcoq.ca\/atnq\/greve-du-milieu-communautaire\/\" >\n\t\t\t\tGr\u00e8ve du milieu communautaire\t\t\t<\/a>\n\t\t<\/h3>\n\t\t\t\t<div class=\"elementor-post__excerpt\">\n\t\t\t<p>Urgence d\u2019un financement structurant \u00c0 l\u2019attention des membres de l\u2019Assembl\u00e9e nationale du Qu\u00e9bec La gr\u00e8ve annonc\u00e9e par une grande partie<\/p>\n\t\t<\/div>\n\t\t\n\t\t<a class=\"elementor-post__read-more\" href=\"https:\/\/centraide-rcoq.ca\/atnq\/greve-du-milieu-communautaire\/\" aria-label=\"En savoir plus sur Gr\u00e8ve du milieu communautaire\" tabindex=\"-1\" >\n\t\t\tLire la suite \u00bb\t\t<\/a>\n\n\t\t\t\t<\/div>\n\t\t\t\t<div class=\"elementor-post__meta-data\">\n\t\t\t\t\t<span class=\"elementor-post-date\">\n\t\t\t23 mars 2026\t\t<\/span>\n\t\t\t\t<\/div>\n\t\t\t\t\t<\/div>\n\t\t<\/article>\n\t\t\t\t<article class=\"elementor-post elementor-grid-item post-3781 post type-post status-publish format-standard has-post-thumbnail hentry category-nouvelles entry has-media\" role=\"listitem\">\n\t\t\t<div class=\"elementor-post__card\">\n\t\t\t\t<a class=\"elementor-post__thumbnail__link\" href=\"https:\/\/centraide-rcoq.ca\/atnq\/les-maisons-de-jeunes-lieux-dancrage-de-confiance-et-dengagement\/\" tabindex=\"-1\" ><div class=\"elementor-post__thumbnail\"><img loading=\"lazy\" decoding=\"async\" width=\"768\" height=\"432\" src=\"https:\/\/centraide-rcoq.ca\/atnq\/wp-content\/uploads\/sites\/2\/2026\/02\/Photo-MDJ-3-768x432.png\" class=\"attachment-medium_large size-medium_large wp-image-3787\" alt=\"En maison des jeunes\" srcset=\"https:\/\/centraide-rcoq.ca\/atnq\/wp-content\/uploads\/sites\/2\/2026\/02\/Photo-MDJ-3-768x432.png 768w, https:\/\/centraide-rcoq.ca\/atnq\/wp-content\/uploads\/sites\/2\/2026\/02\/Photo-MDJ-3-300x169.png 300w, https:\/\/centraide-rcoq.ca\/atnq\/wp-content\/uploads\/sites\/2\/2026\/02\/Photo-MDJ-3-1024x576.png 1024w, https:\/\/centraide-rcoq.ca\/atnq\/wp-content\/uploads\/sites\/2\/2026\/02\/Photo-MDJ-3-1536x864.png 1536w, https:\/\/centraide-rcoq.ca\/atnq\/wp-content\/uploads\/sites\/2\/2026\/02\/Photo-MDJ-3-2048x1152.png 2048w, https:\/\/centraide-rcoq.ca\/atnq\/wp-content\/uploads\/sites\/2\/2026\/02\/Photo-MDJ-3-800x450.png 800w\" sizes=\"(max-width: 768px) 100vw, 768px\" \/><\/div><\/a>\n\t\t\t\t<div class=\"elementor-post__text\">\n\t\t\t\t<h3 class=\"elementor-post__title\">\n\t\t\t<a href=\"https:\/\/centraide-rcoq.ca\/atnq\/les-maisons-de-jeunes-lieux-dancrage-de-confiance-et-dengagement\/\" >\n\t\t\t\tLes maisons de jeunes :\u00a0lieux d\u2019ancrage, de confiance et d\u2019engagement\t\t\t<\/a>\n\t\t<\/h3>\n\t\t\t\t<div class=\"elementor-post__excerpt\">\n\t\t\t<p>Les maisons des jeunes forment la prochaine g\u00e9n\u00e9ration : estime, pr\u00e9vention, engagement citoyen. D\u00e9couvrez leur impact r\u00e9el dans la vie des ados. <\/p>\n\t\t<\/div>\n\t\t\n\t\t<a class=\"elementor-post__read-more\" href=\"https:\/\/centraide-rcoq.ca\/atnq\/les-maisons-de-jeunes-lieux-dancrage-de-confiance-et-dengagement\/\" aria-label=\"En savoir plus sur Les maisons de jeunes :\u00a0lieux d\u2019ancrage, de confiance et d\u2019engagement\" tabindex=\"-1\" >\n\t\t\tLire la suite \u00bb\t\t<\/a>\n\n\t\t\t\t<\/div>\n\t\t\t\t<div class=\"elementor-post__meta-data\">\n\t\t\t\t\t<span class=\"elementor-post-date\">\n\t\t\t17 f\u00e9vrier 2026\t\t<\/span>\n\t\t\t\t<\/div>\n\t\t\t\t\t<\/div>\n\t\t<\/article>\n\t\t\t\t<article class=\"elementor-post elementor-grid-item post-3760 post type-post status-publish format-standard has-post-thumbnail hentry category-nouvelles entry has-media\" role=\"listitem\">\n\t\t\t<div class=\"elementor-post__card\">\n\t\t\t\t<a class=\"elementor-post__thumbnail__link\" href=\"https:\/\/centraide-rcoq.ca\/atnq\/conseiller-en-developpement-social-et-philanthropique-mrc-du-temiscamingue-de-rouyn-noranda-et-dabitibi-ouest\/\" tabindex=\"-1\" ><div class=\"elementor-post__thumbnail\"><img loading=\"lazy\" decoding=\"async\" width=\"768\" height=\"432\" src=\"https:\/\/centraide-rcoq.ca\/atnq\/wp-content\/uploads\/sites\/2\/2022\/02\/Canevas-ent\u00eate-darticle-768x432.png\" class=\"attachment-medium_large size-medium_large wp-image-1468\" alt=\"Offre emploi\" srcset=\"https:\/\/centraide-rcoq.ca\/atnq\/wp-content\/uploads\/sites\/2\/2022\/02\/Canevas-ent\u00eate-darticle-768x432.png 768w, https:\/\/centraide-rcoq.ca\/atnq\/wp-content\/uploads\/sites\/2\/2022\/02\/Canevas-ent\u00eate-darticle-300x169.png 300w, https:\/\/centraide-rcoq.ca\/atnq\/wp-content\/uploads\/sites\/2\/2022\/02\/Canevas-ent\u00eate-darticle-1024x576.png 1024w\" sizes=\"(max-width: 768px) 100vw, 768px\" \/><\/div><\/a>\n\t\t\t\t<div class=\"elementor-post__text\">\n\t\t\t\t<h3 class=\"elementor-post__title\">\n\t\t\t<a href=\"https:\/\/centraide-rcoq.ca\/atnq\/conseiller-en-developpement-social-et-philanthropique-mrc-du-temiscamingue-de-rouyn-noranda-et-dabitibi-ouest\/\" >\n\t\t\t\tConseiller\u00b7\u00e8re en d\u00e9veloppement social\u00a0et philanthropique, MRC du T\u00e9miscamingue, de Rouyn-Noranda et d\u2019Abitibi-Ouest\t\t\t<\/a>\n\t\t<\/h3>\n\t\t\t\t<div class=\"elementor-post__excerpt\">\n\t\t\t<p>Un poste de\u00a0conseiller\u00b7\u00e8re\u00a0en d\u00e9veloppement social\u00a0et philanthropie \u2013\u00a0MRC du T\u00e9miscamingue, de Rouyn-Noranda et d\u2019Abitibi-Ouest,\u00a0\u00e7a t\u2019int\u00e9resse?\u00a0 Tu es reconnu pour ton leadership<\/p>\n\t\t<\/div>\n\t\t\n\t\t<a class=\"elementor-post__read-more\" href=\"https:\/\/centraide-rcoq.ca\/atnq\/conseiller-en-developpement-social-et-philanthropique-mrc-du-temiscamingue-de-rouyn-noranda-et-dabitibi-ouest\/\" aria-label=\"En savoir plus sur Conseiller\u00b7\u00e8re en d\u00e9veloppement social\u00a0et philanthropique, MRC du T\u00e9miscamingue, de Rouyn-Noranda et d\u2019Abitibi-Ouest\" tabindex=\"-1\" >\n\t\t\tLire la suite \u00bb\t\t<\/a>\n\n\t\t\t\t<\/div>\n\t\t\t\t<div class=\"elementor-post__meta-data\">\n\t\t\t\t\t<span class=\"elementor-post-date\">\n\t\t\t6 novembre 2025\t\t<\/span>\n\t\t\t\t<\/div>\n\t\t\t\t\t<\/div>\n\t\t<\/article>\n\t\t\t\t<article class=\"elementor-post elementor-grid-item post-3712 post type-post status-publish format-standard has-post-thumbnail hentry category-nouvelles entry has-media\" role=\"listitem\">\n\t\t\t<div class=\"elementor-post__card\">\n\t\t\t\t<a class=\"elementor-post__thumbnail__link\" href=\"https:\/\/centraide-rcoq.ca\/atnq\/lancement-de-la-campagne-2025-de-centraide-atnq\/\" tabindex=\"-1\" ><div class=\"elementor-post__thumbnail\"><img loading=\"lazy\" decoding=\"async\" width=\"768\" height=\"443\" src=\"https:\/\/centraide-rcoq.ca\/atnq\/wp-content\/uploads\/sites\/2\/2025\/09\/WED_9290-768x443.jpg\" class=\"attachment-medium_large size-medium_large wp-image-3713\" alt=\"Photo de groupe lancement de la campagne 2025 de Centraide ATNQ\" srcset=\"https:\/\/centraide-rcoq.ca\/atnq\/wp-content\/uploads\/sites\/2\/2025\/09\/WED_9290-768x443.jpg 768w, https:\/\/centraide-rcoq.ca\/atnq\/wp-content\/uploads\/sites\/2\/2025\/09\/WED_9290-300x173.jpg 300w, https:\/\/centraide-rcoq.ca\/atnq\/wp-content\/uploads\/sites\/2\/2025\/09\/WED_9290-1024x590.jpg 1024w, https:\/\/centraide-rcoq.ca\/atnq\/wp-content\/uploads\/sites\/2\/2025\/09\/WED_9290-1536x885.jpg 1536w, https:\/\/centraide-rcoq.ca\/atnq\/wp-content\/uploads\/sites\/2\/2025\/09\/WED_9290-2048x1180.jpg 2048w\" sizes=\"(max-width: 768px) 100vw, 768px\" \/><\/div><\/a>\n\t\t\t\t<div class=\"elementor-post__text\">\n\t\t\t\t<h3 class=\"elementor-post__title\">\n\t\t\t<a href=\"https:\/\/centraide-rcoq.ca\/atnq\/lancement-de-la-campagne-2025-de-centraide-atnq\/\" >\n\t\t\t\tLancement de la campagne 2025 de Centraide ATNQ\t\t\t<\/a>\n\t\t<\/h3>\n\t\t\t\t<div class=\"elementor-post__excerpt\">\n\t\t\t<p>Pr\u00e9sence renforc\u00e9e, fiert\u00e9 et solidarit\u00e9 ! <\/p>\n\t\t<\/div>\n\t\t\n\t\t<a class=\"elementor-post__read-more\" href=\"https:\/\/centraide-rcoq.ca\/atnq\/lancement-de-la-campagne-2025-de-centraide-atnq\/\" aria-label=\"En savoir plus sur Lancement de la campagne 2025 de Centraide ATNQ\" tabindex=\"-1\" >\n\t\t\tLire la suite \u00bb\t\t<\/a>\n\n\t\t\t\t<\/div>\n\t\t\t\t<div class=\"elementor-post__meta-data\">\n\t\t\t\t\t<span class=\"elementor-post-date\">\n\t\t\t24 septembre 2025\t\t<\/span>\n\t\t\t\t<\/div>\n\t\t\t\t\t<\/div>\n\t\t<\/article>\n\t\t\t\t<article class=\"elementor-post elementor-grid-item post-3697 post type-post status-publish format-standard has-post-thumbnail hentry category-nouvelles entry has-media\" role=\"listitem\">\n\t\t\t<div class=\"elementor-post__card\">\n\t\t\t\t<a class=\"elementor-post__thumbnail__link\" href=\"https:\/\/centraide-rcoq.ca\/atnq\/une-12e-edition-reussie-pour-le-tournoi-de-golf-des-directeurs-de-mines\/\" tabindex=\"-1\" ><div class=\"elementor-post__thumbnail\"><img loading=\"lazy\" decoding=\"async\" width=\"768\" height=\"461\" src=\"https:\/\/centraide-rcoq.ca\/atnq\/wp-content\/uploads\/sites\/2\/2025\/09\/Resultat-Tournoi-Centraide-2025-768x461.jpg\" class=\"attachment-medium_large size-medium_large wp-image-3698\" alt=\"Resultat du Tournoi des directeurs de Mines 2025 au profit de Centraide ATNQ\" srcset=\"https:\/\/centraide-rcoq.ca\/atnq\/wp-content\/uploads\/sites\/2\/2025\/09\/Resultat-Tournoi-Centraide-2025-768x461.jpg 768w, https:\/\/centraide-rcoq.ca\/atnq\/wp-content\/uploads\/sites\/2\/2025\/09\/Resultat-Tournoi-Centraide-2025-300x180.jpg 300w, https:\/\/centraide-rcoq.ca\/atnq\/wp-content\/uploads\/sites\/2\/2025\/09\/Resultat-Tournoi-Centraide-2025-1024x614.jpg 1024w, https:\/\/centraide-rcoq.ca\/atnq\/wp-content\/uploads\/sites\/2\/2025\/09\/Resultat-Tournoi-Centraide-2025-1536x921.jpg 1536w, https:\/\/centraide-rcoq.ca\/atnq\/wp-content\/uploads\/sites\/2\/2025\/09\/Resultat-Tournoi-Centraide-2025-2048x1228.jpg 2048w\" sizes=\"(max-width: 768px) 100vw, 768px\" \/><\/div><\/a>\n\t\t\t\t<div class=\"elementor-post__text\">\n\t\t\t\t<h3 class=\"elementor-post__title\">\n\t\t\t<a href=\"https:\/\/centraide-rcoq.ca\/atnq\/une-12e-edition-reussie-pour-le-tournoi-de-golf-des-directeurs-de-mines\/\" >\n\t\t\t\tUne 12e \u00e9dition r\u00e9ussie pour le Tournoi de golf des directions de mines\t\t\t<\/a>\n\t\t<\/h3>\n\t\t\t\t<div class=\"elementor-post__excerpt\">\n\t\t\t<p>Le 4 septembre dernier, la 12e \u00e9dition du Tournoi de golf des directions de mines s&rsquo;est tenue au Club Sports<\/p>\n\t\t<\/div>\n\t\t\n\t\t<a class=\"elementor-post__read-more\" href=\"https:\/\/centraide-rcoq.ca\/atnq\/une-12e-edition-reussie-pour-le-tournoi-de-golf-des-directeurs-de-mines\/\" aria-label=\"En savoir plus sur Une 12e \u00e9dition r\u00e9ussie pour le Tournoi de golf des directions de mines\" tabindex=\"-1\" >\n\t\t\tLire la suite \u00bb\t\t<\/a>\n\n\t\t\t\t<\/div>\n\t\t\t\t<div class=\"elementor-post__meta-data\">\n\t\t\t\t\t<span class=\"elementor-post-date\">\n\t\t\t5 septembre 2025\t\t<\/span>\n\t\t\t\t<\/div>\n\t\t\t\t\t<\/div>\n\t\t<\/article>\n\t\t\t\t<article class=\"elementor-post elementor-grid-item post-3542 post type-post status-publish format-standard has-post-thumbnail hentry category-nouvelles entry has-media\" role=\"listitem\">\n\t\t\t<div class=\"elementor-post__card\">\n\t\t\t\t<a class=\"elementor-post__thumbnail__link\" href=\"https:\/\/centraide-rcoq.ca\/atnq\/11-m-investis-par-centraide-atnq-pour-lutter-contre-la-pauvrete-et-lexclusion-sociale\/\" tabindex=\"-1\" ><div class=\"elementor-post__thumbnail\"><img loading=\"lazy\" decoding=\"async\" width=\"768\" height=\"432\" src=\"https:\/\/centraide-rcoq.ca\/atnq\/wp-content\/uploads\/sites\/2\/2024\/09\/1-per-3-768x432.png\" class=\"attachment-medium_large size-medium_large wp-image-3191\" alt=\"\" srcset=\"https:\/\/centraide-rcoq.ca\/atnq\/wp-content\/uploads\/sites\/2\/2024\/09\/1-per-3-768x432.png 768w, https:\/\/centraide-rcoq.ca\/atnq\/wp-content\/uploads\/sites\/2\/2024\/09\/1-per-3-300x169.png 300w, https:\/\/centraide-rcoq.ca\/atnq\/wp-content\/uploads\/sites\/2\/2024\/09\/1-per-3-1024x576.png 1024w, https:\/\/centraide-rcoq.ca\/atnq\/wp-content\/uploads\/sites\/2\/2024\/09\/1-per-3-1536x864.png 1536w, https:\/\/centraide-rcoq.ca\/atnq\/wp-content\/uploads\/sites\/2\/2024\/09\/1-per-3-800x450.png 800w, https:\/\/centraide-rcoq.ca\/atnq\/wp-content\/uploads\/sites\/2\/2024\/09\/1-per-3.png 1920w\" sizes=\"(max-width: 768px) 100vw, 768px\" \/><\/div><\/a>\n\t\t\t\t<div class=\"elementor-post__text\">\n\t\t\t\t<h3 class=\"elementor-post__title\">\n\t\t\t<a href=\"https:\/\/centraide-rcoq.ca\/atnq\/11-m-investis-par-centraide-atnq-pour-lutter-contre-la-pauvrete-et-lexclusion-sociale\/\" >\n\t\t\t\t1,1 M$ investis par Centraide ATNQ pour lutter contre la pauvret\u00e9 et l\u2019exclusion sociale\u00a0\t\t\t<\/a>\n\t\t<\/h3>\n\t\t\t\t<div class=\"elementor-post__excerpt\">\n\t\t\t<p>Cette ann\u00e9e, Centraide Abitibi-T\u00e9miscamingue et Nord-du-Qu\u00e9bec investira plus de 1,1 million de dollars dans la communaut\u00e9, notamment aupr\u00e8s de 45<\/p>\n\t\t<\/div>\n\t\t\n\t\t<a class=\"elementor-post__read-more\" href=\"https:\/\/centraide-rcoq.ca\/atnq\/11-m-investis-par-centraide-atnq-pour-lutter-contre-la-pauvrete-et-lexclusion-sociale\/\" aria-label=\"En savoir plus sur 1,1 M$ investis par Centraide ATNQ pour lutter contre la pauvret\u00e9 et l\u2019exclusion sociale\u00a0\" tabindex=\"-1\" >\n\t\t\tLire la suite \u00bb\t\t<\/a>\n\n\t\t\t\t<\/div>\n\t\t\t\t<div class=\"elementor-post__meta-data\">\n\t\t\t\t\t<span class=\"elementor-post-date\">\n\t\t\t18 juin 2025\t\t<\/span>\n\t\t\t\t<\/div>\n\t\t\t\t\t<\/div>\n\t\t<\/article>\n\t\t\t\t<article class=\"elementor-post elementor-grid-item post-3533 post type-post status-publish format-standard has-post-thumbnail hentry category-non-classe entry has-media\" role=\"listitem\">\n\t\t\t<div class=\"elementor-post__card\">\n\t\t\t\t<a class=\"elementor-post__thumbnail__link\" href=\"https:\/\/centraide-rcoq.ca\/atnq\/centraide-atnq-celebre-lexcellence-de-ses-partenaires-lors-de-son-evenement-reconnaissance-2025\/\" tabindex=\"-1\" ><div class=\"elementor-post__thumbnail\"><img loading=\"lazy\" decoding=\"async\" width=\"768\" height=\"280\" src=\"https:\/\/centraide-rcoq.ca\/atnq\/wp-content\/uploads\/sites\/2\/2025\/05\/LAUREATS-DES-PRIX-RECONNAISSANCE-2025-4-768x280.png\" class=\"attachment-medium_large size-medium_large wp-image-3534\" alt=\"\" srcset=\"https:\/\/centraide-rcoq.ca\/atnq\/wp-content\/uploads\/sites\/2\/2025\/05\/LAUREATS-DES-PRIX-RECONNAISSANCE-2025-4-768x280.png 768w, https:\/\/centraide-rcoq.ca\/atnq\/wp-content\/uploads\/sites\/2\/2025\/05\/LAUREATS-DES-PRIX-RECONNAISSANCE-2025-4-300x109.png 300w, https:\/\/centraide-rcoq.ca\/atnq\/wp-content\/uploads\/sites\/2\/2025\/05\/LAUREATS-DES-PRIX-RECONNAISSANCE-2025-4-1024x373.png 1024w, https:\/\/centraide-rcoq.ca\/atnq\/wp-content\/uploads\/sites\/2\/2025\/05\/LAUREATS-DES-PRIX-RECONNAISSANCE-2025-4-1536x560.png 1536w, https:\/\/centraide-rcoq.ca\/atnq\/wp-content\/uploads\/sites\/2\/2025\/05\/LAUREATS-DES-PRIX-RECONNAISSANCE-2025-4.png 1920w\" sizes=\"(max-width: 768px) 100vw, 768px\" \/><\/div><\/a>\n\t\t\t\t<div class=\"elementor-post__text\">\n\t\t\t\t<h3 class=\"elementor-post__title\">\n\t\t\t<a href=\"https:\/\/centraide-rcoq.ca\/atnq\/centraide-atnq-celebre-lexcellence-de-ses-partenaires-lors-de-son-evenement-reconnaissance-2025\/\" >\n\t\t\t\tCentraide ATNQ c\u00e9l\u00e8bre l&rsquo;excellence de ses partenaires lors de son \u00c9v\u00e9nement Reconnaissance 2025\u00a0\t\t\t<\/a>\n\t\t<\/h3>\n\t\t\t\t<div class=\"elementor-post__excerpt\">\n\t\t\t<p>Centraide Abitibi-T\u00e9miscamingue et Nord-du-Qu\u00e9bec (ATNQ) a d\u00e9voil\u00e9 aujourd&rsquo;hui les laur\u00e9ats de ses prix Reconnaissance 2025, r\u00e9compensant l&rsquo;impact exceptionnel et l&rsquo;engagement<\/p>\n\t\t<\/div>\n\t\t\n\t\t<a class=\"elementor-post__read-more\" href=\"https:\/\/centraide-rcoq.ca\/atnq\/centraide-atnq-celebre-lexcellence-de-ses-partenaires-lors-de-son-evenement-reconnaissance-2025\/\" aria-label=\"En savoir plus sur Centraide ATNQ c\u00e9l\u00e8bre l&rsquo;excellence de ses partenaires lors de son \u00c9v\u00e9nement Reconnaissance 2025\u00a0\" tabindex=\"-1\" >\n\t\t\tLire la suite \u00bb\t\t<\/a>\n\n\t\t\t\t<\/div>\n\t\t\t\t<div class=\"elementor-post__meta-data\">\n\t\t\t\t\t<span class=\"elementor-post-date\">\n\t\t\t29 mai 2025\t\t<\/span>\n\t\t\t\t<\/div>\n\t\t\t\t\t<\/div>\n\t\t<\/article>\n\t\t\t\t<article class=\"elementor-post elementor-grid-item post-3487 post type-post status-publish format-standard has-post-thumbnail hentry category-nouvelles tag-temoignage entry has-media\" role=\"listitem\">\n\t\t\t<div class=\"elementor-post__card\">\n\t\t\t\t<a class=\"elementor-post__thumbnail__link\" href=\"https:\/\/centraide-rcoq.ca\/atnq\/reconstruire-sa-vie-apres-avoir-tout-perdu-le-parcours-de-roland\/\" tabindex=\"-1\" ><div class=\"elementor-post__thumbnail\"><img loading=\"lazy\" decoding=\"async\" width=\"768\" height=\"292\" src=\"https:\/\/centraide-rcoq.ca\/atnq\/wp-content\/uploads\/sites\/2\/2025\/05\/Roland-blogue-768x292.png\" class=\"attachment-medium_large size-medium_large wp-image-3488\" alt=\"Roland, personne aid\u00e9e par un organisme soutenu par Centraide\" srcset=\"https:\/\/centraide-rcoq.ca\/atnq\/wp-content\/uploads\/sites\/2\/2025\/05\/Roland-blogue-768x292.png 768w, https:\/\/centraide-rcoq.ca\/atnq\/wp-content\/uploads\/sites\/2\/2025\/05\/Roland-blogue-300x114.png 300w, https:\/\/centraide-rcoq.ca\/atnq\/wp-content\/uploads\/sites\/2\/2025\/05\/Roland-blogue-1024x390.png 1024w, https:\/\/centraide-rcoq.ca\/atnq\/wp-content\/uploads\/sites\/2\/2025\/05\/Roland-blogue-1536x584.png 1536w, https:\/\/centraide-rcoq.ca\/atnq\/wp-content\/uploads\/sites\/2\/2025\/05\/Roland-blogue-2048x779.png 2048w\" sizes=\"(max-width: 768px) 100vw, 768px\" \/><\/div><\/a>\n\t\t\t\t<div class=\"elementor-post__text\">\n\t\t\t\t<h3 class=\"elementor-post__title\">\n\t\t\t<a href=\"https:\/\/centraide-rcoq.ca\/atnq\/reconstruire-sa-vie-apres-avoir-tout-perdu-le-parcours-de-roland\/\" >\n\t\t\t\tReconstruire sa vie apr\u00e8s avoir tout perdu : le parcours de Roland\t\t\t<\/a>\n\t\t<\/h3>\n\t\t\t\t<div class=\"elementor-post__excerpt\">\n\t\t\t<p>L&rsquo;histoire d&rsquo;un \u00e9b\u00e9niste qui a surmont\u00e9 les obstacles&nbsp; L&rsquo;histoire de Roland peut arriver \u00e0 n\u2019importe qui. Une malchance est si<\/p>\n\t\t<\/div>\n\t\t\n\t\t<a class=\"elementor-post__read-more\" href=\"https:\/\/centraide-rcoq.ca\/atnq\/reconstruire-sa-vie-apres-avoir-tout-perdu-le-parcours-de-roland\/\" aria-label=\"En savoir plus sur Reconstruire sa vie apr\u00e8s avoir tout perdu : le parcours de Roland\" tabindex=\"-1\" >\n\t\t\tLire la suite \u00bb\t\t<\/a>\n\n\t\t\t\t<\/div>\n\t\t\t\t<div class=\"elementor-post__meta-data\">\n\t\t\t\t\t<span class=\"elementor-post-date\">\n\t\t\t8 mai 2025\t\t<\/span>\n\t\t\t\t<\/div>\n\t\t\t\t\t<\/div>\n\t\t<\/article>\n\t\t\t\t<\/div>\n\t\t\n\t\t\t\t<div class=\"e-load-more-anchor\" data-page=\"1\" data-max-page=\"7\" data-next-page=\"https:\/\/centraide-rcoq.ca\/atnq\/wp-json\/wp\/v2\/pages\/216\/page\/2\/\"><\/div>\n\t\t\t\t<nav class=\"elementor-pagination\" aria-label=\"Pagination\">\n\t\t\t<span class=\"page-numbers prev\">&laquo; Pr\u00e9c\u00e9dent<\/span>\n<span aria-current=\"page\" class=\"page-numbers current\"><span class=\"elementor-screen-only\">Page<\/span>1<\/span>\n<a class=\"page-numbers\" href=\"https:\/\/centraide-rcoq.ca\/atnq\/wp-json\/wp\/v2\/pages\/216\/page\/2\/\"><span class=\"elementor-screen-only\">Page<\/span>2<\/a>\n<a class=\"page-numbers\" href=\"https:\/\/centraide-rcoq.ca\/atnq\/wp-json\/wp\/v2\/pages\/216\/page\/3\/\"><span class=\"elementor-screen-only\">Page<\/span>3<\/a>\n<a class=\"page-numbers\" href=\"https:\/\/centraide-rcoq.ca\/atnq\/wp-json\/wp\/v2\/pages\/216\/page\/4\/\"><span class=\"elementor-screen-only\">Page<\/span>4<\/a>\n<a class=\"page-numbers\" href=\"https:\/\/centraide-rcoq.ca\/atnq\/wp-json\/wp\/v2\/pages\/216\/page\/5\/\"><span class=\"elementor-screen-only\">Page<\/span>5<\/a>\n<a class=\"page-numbers\" href=\"https:\/\/centraide-rcoq.ca\/atnq\/wp-json\/wp\/v2\/pages\/216\/page\/6\/\"><span class=\"elementor-screen-only\">Page<\/span>6<\/a>\n<a class=\"page-numbers\" href=\"https:\/\/centraide-rcoq.ca\/atnq\/wp-json\/wp\/v2\/pages\/216\/page\/7\/\"><span class=\"elementor-screen-only\">Page<\/span>7<\/a>\n<a class=\"page-numbers next\" href=\"https:\/\/centraide-rcoq.ca\/atnq\/wp-json\/wp\/v2\/pages\/216\/page\/2\/\">Suivant &raquo;<\/a>\t\t<\/nav>\n\t\t\t\t\t\t<\/div>\n\t\t\t\t<\/div>\n\t\t\t\t\t<\/div>\n\t\t<\/div>\n\t\t\t\t\t<\/div>\n\t\t<\/section>\n\t\t\t\t<\/div>\n\t\t","protected":false},"excerpt":{"rendered":"<p>Nouvelles<\/p>\n","protected":false},"author":1,"featured_media":0,"parent":0,"menu_order":0,"comment_status":"closed","ping_status":"closed","template":"elementor_header_footer","meta":{"ocean_post_layout":"","ocean_both_sidebars_style":"","ocean_both_sidebars_content_width":0,"ocean_both_sidebars_sidebars_width":0,"ocean_sidebar":"0","ocean_second_sidebar":"0","ocean_disable_margins":"enable","ocean_add_body_class":"","ocean_shortcode_before_top_bar":"","ocean_shortcode_after_top_bar":"","ocean_shortcode_before_header":"","ocean_shortcode_after_header":"","ocean_has_shortcode":"","ocean_shortcode_after_title":"","ocean_shortcode_before_footer_widgets":"","ocean_shortcode_after_footer_widgets":"","ocean_shortcode_before_footer_bottom":"","ocean_shortcode_after_footer_bottom":"","ocean_display_top_bar":"default","ocean_display_header":"default","ocean_header_style":"","ocean_center_header_left_menu":"0","ocean_custom_header_template":"0","ocean_custom_logo":0,"ocean_custom_retina_logo":0,"ocean_custom_logo_max_width":0,"ocean_custom_logo_tablet_max_width":0,"ocean_custom_logo_mobile_max_width":0,"ocean_custom_logo_max_height":0,"ocean_custom_logo_tablet_max_height":0,"ocean_custom_logo_mobile_max_height":0,"ocean_header_custom_menu":"0","ocean_menu_typo_font_family":"0","ocean_menu_typo_font_subset":"","ocean_menu_typo_font_size":0,"ocean_menu_typo_font_size_tablet":0,"ocean_menu_typo_font_size_mobile":0,"ocean_menu_typo_font_size_unit":"px","ocean_menu_typo_font_weight":"","ocean_menu_typo_font_weight_tablet":"","ocean_menu_typo_font_weight_mobile":"","ocean_menu_typo_transform":"","ocean_menu_typo_transform_tablet":"","ocean_menu_typo_transform_mobile":"","ocean_menu_typo_line_height":0,"ocean_menu_typo_line_height_tablet":0,"ocean_menu_typo_line_height_mobile":0,"ocean_menu_typo_line_height_unit":"","ocean_menu_typo_spacing":0,"ocean_menu_typo_spacing_tablet":0,"ocean_menu_typo_spacing_mobile":0,"ocean_menu_typo_spacing_unit":"","ocean_menu_link_color":"","ocean_menu_link_color_hover":"","ocean_menu_link_color_active":"","ocean_menu_link_background":"","ocean_menu_link_hover_background":"","ocean_menu_link_active_background":"","ocean_menu_social_links_bg":"","ocean_menu_social_hover_links_bg":"","ocean_menu_social_links_color":"","ocean_menu_social_hover_links_color":"","ocean_disable_title":"default","ocean_disable_heading":"default","ocean_post_title":"","ocean_post_subheading":"","ocean_post_title_style":"","ocean_post_title_background_color":"","ocean_post_title_background":0,"ocean_post_title_bg_image_position":"","ocean_post_title_bg_image_attachment":"","ocean_post_title_bg_image_repeat":"","ocean_post_title_bg_image_size":"","ocean_post_title_height":0,"ocean_post_title_bg_overlay":0.5,"ocean_post_title_bg_overlay_color":"","ocean_disable_breadcrumbs":"default","ocean_breadcrumbs_color":"","ocean_breadcrumbs_separator_color":"","ocean_breadcrumbs_links_color":"","ocean_breadcrumbs_links_hover_color":"","ocean_display_footer_widgets":"default","ocean_display_footer_bottom":"default","ocean_custom_footer_template":"0","footnotes":""},"class_list":["post-216","page","type-page","status-publish","hentry","entry","has-media"],"_links":{"self":[{"href":"https:\/\/centraide-rcoq.ca\/atnq\/wp-json\/wp\/v2\/pages\/216","targetHints":{"allow":["GET"]}}],"collection":[{"href":"https:\/\/centraide-rcoq.ca\/atnq\/wp-json\/wp\/v2\/pages"}],"about":[{"href":"https:\/\/centraide-rcoq.ca\/atnq\/wp-json\/wp\/v2\/types\/page"}],"author":[{"embeddable":true,"href":"https:\/\/centraide-rcoq.ca\/atnq\/wp-json\/wp\/v2\/users\/1"}],"replies":[{"embeddable":true,"href":"https:\/\/centraide-rcoq.ca\/atnq\/wp-json\/wp\/v2\/comments?post=216"}],"version-history":[{"count":9,"href":"https:\/\/centraide-rcoq.ca\/atnq\/wp-json\/wp\/v2\/pages\/216\/revisions"}],"predecessor-version":[{"id":1481,"href":"https:\/\/centraide-rcoq.ca\/atnq\/wp-json\/wp\/v2\/pages\/216\/revisions\/1481"}],"wp:attachment":[{"href":"https:\/\/centraide-rcoq.ca\/atnq\/wp-json\/wp\/v2\/media?parent=216"}],"curies":[{"name":"wp","href":"https:\/\/api.w.org\/{rel}","templated":true}]}}